{"id":24869,"date":"2020-09-28T18:00:01","date_gmt":"2020-09-28T16:00:01","guid":{"rendered":"https:\/\/echt-koeln.de\/riscopri-la-tua-citta-come-residente-di-colonia\/"},"modified":"2025-11-17T15:22:23","modified_gmt":"2025-11-17T14:22:23","slug":"riscopri-la-tua-citta-come-residente-di-colonia","status":"publish","type":"page","link":"https:\/\/echt-koeln.de\/it\/tour\/riscopri-la-tua-citta-come-residente-di-colonia\/","title":{"rendered":"Riscopri la tua citt\u00e0 come residente di Colonia"},"content":{"rendered":"\n<p><\/p>\n<div class=\"gb-container gb-container-768b2384\"><div class=\"gb-inside-container\">\n\n<p style=\"font-size:24px\">Esplora la tua citt\u00e0. Lasciati sorprendere da 2000 anni di storia e dalle storie che la vita ha scritto. Unisciti a noi, con gli occhi aperti, in un tour di scoperta attraverso i distretti o in tour a tema speciale.  <\/p>\n\n\n\n<p><\/p>\n\n\n<div  class=\"ultp-post-grid-block wp-block-ultimate-post-post-grid-1 ultp-block-6042c0 alignwide\"><div class=\"ultp-block-wrapper\"><div class=\"ultp-loading\"><div class=\"ultp-loading-blocks\" style=\"width:100%;height:100%;\"><div style=\"left: 0;top: 0;animation-delay:0s;\"><\/div><div style=\"left: 21px;top: 0;animation-delay:0.125s;\"><\/div><div style=\"left: 42px;top: 0;animation-delay:0.25s;\"><\/div><div style=\"left: 0;top: 21px;animation-delay:0.875s;\"><\/div><div style=\"left: 42px;top: 21px;animation-delay:0.375s;\"><\/div><div style=\"left: 0;top: 42px;animation-delay:0.75s;\"><\/div><div style=\"left: 42px;top: 42px;animation-delay:0.625s;\"><\/div><div style=\"left: 21px;top: 42px;animation-delay:0.5s;\"><\/div><\/div><\/div><div class=\"ultp-block-items-wrap ultp-block-row ultp-pg1a-style1 ultp-grid1-responsive ultp-block-column-2 1 1 ultp-layout1\"><div class=\"ultp-block-item post-id-24146\"><div class=\"ultp-block-content-wrap\"><div class=\"ultp-block-image ultp-block-image-zoomIn\"><a href=\"https:\/\/echt-koeln.de\/it\/touren\/das-beste-von-koeln\/\" ><img decoding=\"async\"  class=\"ultp-block-image-content\"  alt=\"Il meglio di Colonia\"  src=\"https:\/\/echt-koeln.de\/wp-content\/uploads\/2021\/05\/img-4819-3-800x600.jpg\" \/><\/a><\/div><div class=\"ultp-block-content\"><h3 class=\"ultp-block-title \"><a href=\"https:\/\/echt-koeln.de\/it\/touren\/das-beste-von-koeln\/\" >Il meglio di Colonia<\/a><\/h3><div class=\"ultp-block-excerpt\"><p>Tour guidato di Colonia verso i punti salienti della citt\u00e0 Colonia non \u00e8 solo la cattedrale, \u00e8 anche la citt\u00e0 vecchia, il Reno, la Veedel, la gente, la lingua: Colonia&hellip;<\/p>\n<\/div><div class=\"ultp-block-readmore\"><a aria-label=\"Il meglio di Colonia\" href=\"https:\/\/echt-koeln.de\/it\/touren\/das-beste-von-koeln\/\" >mehr erfahren<\/a><\/div><\/div><\/div><\/div><div class=\"ultp-block-item post-id-24149\"><div class=\"ultp-block-content-wrap\"><div class=\"ultp-block-image ultp-block-image-zoomIn\"><a href=\"https:\/\/echt-koeln.de\/it\/touren\/altstadtfuehrung-mit-brauhausbesuch\/\" ><img decoding=\"async\"  class=\"ultp-block-image-content\"  alt=\"Visita guidata alla citt\u00e0 vecchia di Colonia con visita al birrificio\"  src=\"https:\/\/echt-koeln.de\/wp-content\/uploads\/2022\/01\/img-5217-800x600.jpg\" \/><\/a><\/div><div class=\"ultp-block-content\"><h3 class=\"ultp-block-title \"><a href=\"https:\/\/echt-koeln.de\/it\/touren\/altstadtfuehrung-mit-brauhausbesuch\/\" >Visita guidata alla citt\u00e0 vecchia di Colonia con visita al birrificio<\/a><\/h3><div class=\"ultp-block-excerpt\"><p>Tour della citt\u00e0 vecchia di Colonia: Storia, birrifici e tradizioni di Colonia Visitiamo la Citt\u00e0 Vecchia di Colonia, il centro storico di Colonia da quasi 2.000 anni. Qui, tra l&#8217;Alter&hellip;<\/p>\n<\/div><div class=\"ultp-block-readmore\"><a aria-label=\"Visita guidata alla citt\u00e0 vecchia di Colonia con visita al birrificio\" href=\"https:\/\/echt-koeln.de\/it\/touren\/altstadtfuehrung-mit-brauhausbesuch\/\" >mehr erfahren<\/a><\/div><\/div><\/div><\/div><div class=\"ultp-block-item post-id-25071\"><div class=\"ultp-block-content-wrap\"><div class=\"ultp-block-image ultp-block-image-zoomIn\"><a href=\"https:\/\/echt-koeln.de\/it\/touren\/tour-guidato-di-street-art-a-ehrenfeld\/\" ><img decoding=\"async\"  class=\"ultp-block-image-content\"  alt=\"Tour guidato di street art a Ehrenfeld\"  src=\"https:\/\/echt-koeln.de\/wp-content\/uploads\/2022\/05\/img-5937-800x600.jpg\" \/><\/a><\/div><div class=\"ultp-block-content\"><h3 class=\"ultp-block-title \"><a href=\"https:\/\/echt-koeln.de\/it\/touren\/tour-guidato-di-street-art-a-ehrenfeld\/\" >Tour guidato di street art a Ehrenfeld<\/a><\/h3><div class=\"ultp-block-excerpt\"><p>Ehrenfeld: Da villaggio a paradiso dell&#8217;arte di strada 200 anni fa, Ehrenfeld era composta da sole tre fattorie. Dopo uno sviluppo rapido di oltre due secoli, \u00e8 ora diventata la&hellip;<\/p>\n<\/div><div class=\"ultp-block-readmore\"><a aria-label=\"Tour guidato di street art a Ehrenfeld\" href=\"https:\/\/echt-koeln.de\/it\/touren\/tour-guidato-di-street-art-a-ehrenfeld\/\" >mehr erfahren<\/a><\/div><\/div><\/div><\/div><div class=\"ultp-block-item post-id-25059\"><div class=\"ultp-block-content-wrap\"><div class=\"ultp-block-image ultp-block-image-zoomIn\"><a href=\"https:\/\/echt-koeln.de\/it\/touren\/melaten-dove-colonia-vive-per-sempre\/\" ><img decoding=\"async\"  class=\"ultp-block-image-content\"  alt=\"Melaten \u2013 Dove Colonia vive per sempre\"  src=\"https:\/\/echt-koeln.de\/wp-content\/uploads\/2021\/06\/img-8821-800x600.jpg\" \/><\/a><\/div><div class=\"ultp-block-content\"><h3 class=\"ultp-block-title \"><a href=\"https:\/\/echt-koeln.de\/it\/touren\/melaten-dove-colonia-vive-per-sempre\/\" >Melaten \u2013 Dove Colonia vive per sempre<\/a><\/h3><div class=\"ultp-block-excerpt\"><p>Visita guidata di Melaten e dei suoi luoghi pi\u00f9 belli Melaten non \u00e8 solo un cimitero, Melaten \u00e8 storia della citt\u00e0, storia dell&#8217;arte, area di conservazione del paesaggio, spazio culturale&hellip;<\/p>\n<\/div><div class=\"ultp-block-readmore\"><a aria-label=\"Melaten \u2013 Dove Colonia vive per sempre\" href=\"https:\/\/echt-koeln.de\/it\/touren\/melaten-dove-colonia-vive-per-sempre\/\" >mehr erfahren<\/a><\/div><\/div><\/div><\/div><\/div><\/div><div class=\"pagination-block-html\" aria-hidden=\"true\" style=\"display: none;\"><\/div><\/div>\n<\/div><\/div>","protected":false},"excerpt":{"rendered":"<p>Lasciati sorprendere da Colonia e dalla sua storia<\/p>\n","protected":false},"author":1,"featured_media":22636,"parent":24922,"menu_order":103,"comment_status":"closed","ping_status":"closed","template":"","meta":{"footnotes":""},"class_list":["post-24869","page","type-page","status-publish","has-post-thumbnail"],"yoast_head":"<!-- This site is optimized with the Yoast SEO plugin v27.5 - https:\/\/yoast.com\/product\/yoast-seo-wordpress\/ -->\n<title>Riscopri la tua citt\u00e0 come residente di Colonia - echt K\u00f6ln Stadtf\u00fchrungen<\/title>\n<meta name=\"robots\" content=\"index, follow, max-snippet:-1, max-image-preview:large, max-video-preview:-1\" \/>\n<link rel=\"canonical\" href=\"https:\/\/echt-koeln.de\/it\/tour\/riscopri-la-tua-citta-come-residente-di-colonia\/\" \/>\n<meta property=\"og:locale\" content=\"it_IT\" \/>\n<meta property=\"og:type\" content=\"article\" \/>\n<meta property=\"og:title\" content=\"Riscopri la tua citt\u00e0 come residente di Colonia - echt K\u00f6ln Stadtf\u00fchrungen\" \/>\n<meta property=\"og:description\" content=\"Lasciati sorprendere da Colonia e dalla sua storia\" \/>\n<meta property=\"og:url\" content=\"https:\/\/echt-koeln.de\/it\/tour\/riscopri-la-tua-citta-come-residente-di-colonia\/\" \/>\n<meta property=\"og:site_name\" content=\"echt K\u00f6ln Stadtf\u00fchrungen\" \/>\n<meta property=\"article:modified_time\" content=\"2025-11-17T14:22:23+00:00\" \/>\n<meta property=\"og:image\" content=\"https:\/\/echt-koeln.de\/wp-content\/uploads\/2021\/06\/img-5216-scaled.jpg\" \/>\n\t<meta property=\"og:image:width\" content=\"2560\" \/>\n\t<meta property=\"og:image:height\" content=\"1707\" \/>\n\t<meta property=\"og:image:type\" content=\"image\/jpeg\" \/>\n<meta name=\"twitter:card\" content=\"summary_large_image\" \/>\n<script type=\"application\/ld+json\" class=\"yoast-schema-graph\">{\"@context\":\"https:\\\/\\\/schema.org\",\"@graph\":[{\"@type\":\"WebPage\",\"@id\":\"https:\\\/\\\/echt-koeln.de\\\/it\\\/tour\\\/riscopri-la-tua-citta-come-residente-di-colonia\\\/\",\"url\":\"https:\\\/\\\/echt-koeln.de\\\/it\\\/tour\\\/riscopri-la-tua-citta-come-residente-di-colonia\\\/\",\"name\":\"Riscopri la tua citt\u00e0 come residente di Colonia - echt K\u00f6ln Stadtf\u00fchrungen\",\"isPartOf\":{\"@id\":\"https:\\\/\\\/echt-koeln.de\\\/it\\\/#website\"},\"primaryImageOfPage\":{\"@id\":\"https:\\\/\\\/echt-koeln.de\\\/it\\\/tour\\\/riscopri-la-tua-citta-come-residente-di-colonia\\\/#primaryimage\"},\"image\":{\"@id\":\"https:\\\/\\\/echt-koeln.de\\\/it\\\/tour\\\/riscopri-la-tua-citta-come-residente-di-colonia\\\/#primaryimage\"},\"thumbnailUrl\":\"https:\\\/\\\/echt-koeln.de\\\/wp-content\\\/uploads\\\/2021\\\/06\\\/img-5216-scaled.jpg\",\"datePublished\":\"2020-09-28T16:00:01+00:00\",\"dateModified\":\"2025-11-17T14:22:23+00:00\",\"breadcrumb\":{\"@id\":\"https:\\\/\\\/echt-koeln.de\\\/it\\\/tour\\\/riscopri-la-tua-citta-come-residente-di-colonia\\\/#breadcrumb\"},\"inLanguage\":\"it-IT\",\"potentialAction\":[{\"@type\":\"ReadAction\",\"target\":[\"https:\\\/\\\/echt-koeln.de\\\/it\\\/tour\\\/riscopri-la-tua-citta-come-residente-di-colonia\\\/\"]}]},{\"@type\":\"ImageObject\",\"inLanguage\":\"it-IT\",\"@id\":\"https:\\\/\\\/echt-koeln.de\\\/it\\\/tour\\\/riscopri-la-tua-citta-come-residente-di-colonia\\\/#primaryimage\",\"url\":\"https:\\\/\\\/echt-koeln.de\\\/wp-content\\\/uploads\\\/2021\\\/06\\\/img-5216-scaled.jpg\",\"contentUrl\":\"https:\\\/\\\/echt-koeln.de\\\/wp-content\\\/uploads\\\/2021\\\/06\\\/img-5216-scaled.jpg\",\"width\":2560,\"height\":1707},{\"@type\":\"BreadcrumbList\",\"@id\":\"https:\\\/\\\/echt-koeln.de\\\/it\\\/tour\\\/riscopri-la-tua-citta-come-residente-di-colonia\\\/#breadcrumb\",\"itemListElement\":[{\"@type\":\"ListItem\",\"position\":1,\"name\":\"Startseite\",\"item\":\"https:\\\/\\\/echt-koeln.de\\\/it\\\/\"},{\"@type\":\"ListItem\",\"position\":2,\"name\":\"Tour\",\"item\":\"https:\\\/\\\/echt-koeln.de\\\/it\\\/tour\\\/\"},{\"@type\":\"ListItem\",\"position\":3,\"name\":\"Riscopri la tua citt\u00e0 come residente di Colonia\"}]},{\"@type\":\"WebSite\",\"@id\":\"https:\\\/\\\/echt-koeln.de\\\/it\\\/#website\",\"url\":\"https:\\\/\\\/echt-koeln.de\\\/it\\\/\",\"name\":\"echt K\u00f6ln\",\"description\":\"Begegnungen mit einer ganz besonderen Stadt\",\"publisher\":{\"@id\":\"https:\\\/\\\/echt-koeln.de\\\/it\\\/#\\\/schema\\\/person\\\/fafc759c78f6aa21c8fe344f16d37d07\"},\"potentialAction\":[{\"@type\":\"SearchAction\",\"target\":{\"@type\":\"EntryPoint\",\"urlTemplate\":\"https:\\\/\\\/echt-koeln.de\\\/it\\\/?s={search_term_string}\"},\"query-input\":{\"@type\":\"PropertyValueSpecification\",\"valueRequired\":true,\"valueName\":\"search_term_string\"}}],\"inLanguage\":\"it-IT\"},{\"@type\":[\"Person\",\"Organization\"],\"@id\":\"https:\\\/\\\/echt-koeln.de\\\/it\\\/#\\\/schema\\\/person\\\/fafc759c78f6aa21c8fe344f16d37d07\",\"name\":\"Markus Zens\",\"image\":{\"@type\":\"ImageObject\",\"inLanguage\":\"it-IT\",\"@id\":\"https:\\\/\\\/echt-koeln.de\\\/wp-content\\\/uploads\\\/2020\\\/09\\\/cropped-echt_koeln_logo_klein.jpg\",\"url\":\"https:\\\/\\\/echt-koeln.de\\\/wp-content\\\/uploads\\\/2020\\\/09\\\/cropped-echt_koeln_logo_klein.jpg\",\"contentUrl\":\"https:\\\/\\\/echt-koeln.de\\\/wp-content\\\/uploads\\\/2020\\\/09\\\/cropped-echt_koeln_logo_klein.jpg\",\"width\":2000,\"height\":400,\"caption\":\"Markus Zens\"},\"logo\":{\"@id\":\"https:\\\/\\\/echt-koeln.de\\\/wp-content\\\/uploads\\\/2020\\\/09\\\/cropped-echt_koeln_logo_klein.jpg\"}}]}<\/script>\n<!-- \/ Yoast SEO plugin. -->","yoast_head_json":{"title":"Riscopri la tua citt\u00e0 come residente di Colonia - echt K\u00f6ln Stadtf\u00fchrungen","robots":{"index":"index","follow":"follow","max-snippet":"max-snippet:-1","max-image-preview":"max-image-preview:large","max-video-preview":"max-video-preview:-1"},"canonical":"https:\/\/echt-koeln.de\/it\/tour\/riscopri-la-tua-citta-come-residente-di-colonia\/","og_locale":"it_IT","og_type":"article","og_title":"Riscopri la tua citt\u00e0 come residente di Colonia - echt K\u00f6ln Stadtf\u00fchrungen","og_description":"Lasciati sorprendere da Colonia e dalla sua storia","og_url":"https:\/\/echt-koeln.de\/it\/tour\/riscopri-la-tua-citta-come-residente-di-colonia\/","og_site_name":"echt K\u00f6ln Stadtf\u00fchrungen","article_modified_time":"2025-11-17T14:22:23+00:00","og_image":[{"width":2560,"height":1707,"url":"https:\/\/echt-koeln.de\/wp-content\/uploads\/2021\/06\/img-5216-scaled.jpg","type":"image\/jpeg"}],"twitter_card":"summary_large_image","schema":{"@context":"https:\/\/schema.org","@graph":[{"@type":"WebPage","@id":"https:\/\/echt-koeln.de\/it\/tour\/riscopri-la-tua-citta-come-residente-di-colonia\/","url":"https:\/\/echt-koeln.de\/it\/tour\/riscopri-la-tua-citta-come-residente-di-colonia\/","name":"Riscopri la tua citt\u00e0 come residente di Colonia - echt K\u00f6ln Stadtf\u00fchrungen","isPartOf":{"@id":"https:\/\/echt-koeln.de\/it\/#website"},"primaryImageOfPage":{"@id":"https:\/\/echt-koeln.de\/it\/tour\/riscopri-la-tua-citta-come-residente-di-colonia\/#primaryimage"},"image":{"@id":"https:\/\/echt-koeln.de\/it\/tour\/riscopri-la-tua-citta-come-residente-di-colonia\/#primaryimage"},"thumbnailUrl":"https:\/\/echt-koeln.de\/wp-content\/uploads\/2021\/06\/img-5216-scaled.jpg","datePublished":"2020-09-28T16:00:01+00:00","dateModified":"2025-11-17T14:22:23+00:00","breadcrumb":{"@id":"https:\/\/echt-koeln.de\/it\/tour\/riscopri-la-tua-citta-come-residente-di-colonia\/#breadcrumb"},"inLanguage":"it-IT","potentialAction":[{"@type":"ReadAction","target":["https:\/\/echt-koeln.de\/it\/tour\/riscopri-la-tua-citta-come-residente-di-colonia\/"]}]},{"@type":"ImageObject","inLanguage":"it-IT","@id":"https:\/\/echt-koeln.de\/it\/tour\/riscopri-la-tua-citta-come-residente-di-colonia\/#primaryimage","url":"https:\/\/echt-koeln.de\/wp-content\/uploads\/2021\/06\/img-5216-scaled.jpg","contentUrl":"https:\/\/echt-koeln.de\/wp-content\/uploads\/2021\/06\/img-5216-scaled.jpg","width":2560,"height":1707},{"@type":"BreadcrumbList","@id":"https:\/\/echt-koeln.de\/it\/tour\/riscopri-la-tua-citta-come-residente-di-colonia\/#breadcrumb","itemListElement":[{"@type":"ListItem","position":1,"name":"Startseite","item":"https:\/\/echt-koeln.de\/it\/"},{"@type":"ListItem","position":2,"name":"Tour","item":"https:\/\/echt-koeln.de\/it\/tour\/"},{"@type":"ListItem","position":3,"name":"Riscopri la tua citt\u00e0 come residente di Colonia"}]},{"@type":"WebSite","@id":"https:\/\/echt-koeln.de\/it\/#website","url":"https:\/\/echt-koeln.de\/it\/","name":"echt K\u00f6ln","description":"Begegnungen mit einer ganz besonderen Stadt","publisher":{"@id":"https:\/\/echt-koeln.de\/it\/#\/schema\/person\/fafc759c78f6aa21c8fe344f16d37d07"},"potentialAction":[{"@type":"SearchAction","target":{"@type":"EntryPoint","urlTemplate":"https:\/\/echt-koeln.de\/it\/?s={search_term_string}"},"query-input":{"@type":"PropertyValueSpecification","valueRequired":true,"valueName":"search_term_string"}}],"inLanguage":"it-IT"},{"@type":["Person","Organization"],"@id":"https:\/\/echt-koeln.de\/it\/#\/schema\/person\/fafc759c78f6aa21c8fe344f16d37d07","name":"Markus Zens","image":{"@type":"ImageObject","inLanguage":"it-IT","@id":"https:\/\/echt-koeln.de\/wp-content\/uploads\/2020\/09\/cropped-echt_koeln_logo_klein.jpg","url":"https:\/\/echt-koeln.de\/wp-content\/uploads\/2020\/09\/cropped-echt_koeln_logo_klein.jpg","contentUrl":"https:\/\/echt-koeln.de\/wp-content\/uploads\/2020\/09\/cropped-echt_koeln_logo_klein.jpg","width":2000,"height":400,"caption":"Markus Zens"},"logo":{"@id":"https:\/\/echt-koeln.de\/wp-content\/uploads\/2020\/09\/cropped-echt_koeln_logo_klein.jpg"}}]}},"_links":{"self":[{"href":"https:\/\/echt-koeln.de\/it\/wp-json\/wp\/v2\/pages\/24869","targetHints":{"allow":["GET"]}}],"collection":[{"href":"https:\/\/echt-koeln.de\/it\/wp-json\/wp\/v2\/pages"}],"about":[{"href":"https:\/\/echt-koeln.de\/it\/wp-json\/wp\/v2\/types\/page"}],"author":[{"embeddable":true,"href":"https:\/\/echt-koeln.de\/it\/wp-json\/wp\/v2\/users\/1"}],"replies":[{"embeddable":true,"href":"https:\/\/echt-koeln.de\/it\/wp-json\/wp\/v2\/comments?post=24869"}],"version-history":[{"count":1,"href":"https:\/\/echt-koeln.de\/it\/wp-json\/wp\/v2\/pages\/24869\/revisions"}],"predecessor-version":[{"id":24870,"href":"https:\/\/echt-koeln.de\/it\/wp-json\/wp\/v2\/pages\/24869\/revisions\/24870"}],"up":[{"embeddable":true,"href":"https:\/\/echt-koeln.de\/it\/wp-json\/wp\/v2\/pages\/24922"}],"wp:featuredmedia":[{"embeddable":true,"href":"https:\/\/echt-koeln.de\/it\/wp-json\/wp\/v2\/media\/22636"}],"wp:attachment":[{"href":"https:\/\/echt-koeln.de\/it\/wp-json\/wp\/v2\/media?parent=24869"}],"curies":[{"name":"wp","href":"https:\/\/api.w.org\/{rel}","templated":true}]}}