{"id":24511,"date":"2023-08-15T16:28:08","date_gmt":"2023-08-15T14:28:08","guid":{"rendered":"https:\/\/echt-koeln.de\/visites-guidees-pour-les-classes-et-les-jeunes-a-cologne\/"},"modified":"2025-11-17T15:22:27","modified_gmt":"2025-11-17T14:22:27","slug":"visites-guidees-pour-les-classes-et-les-jeunes-a-cologne","status":"publish","type":"page","link":"https:\/\/echt-koeln.de\/fr\/tours\/visites-guidees-pour-les-classes-et-les-jeunes-a-cologne\/","title":{"rendered":"Visites guid\u00e9es pour les classes et les jeunes \u00e0 Cologne"},"content":{"rendered":"\n<h2 class=\"gb-headline gb-headline-3b5481e0 gb-headline-text\">Visites guid\u00e9es de Cologne pour les \u00e9l\u00e8ves  <\/h2>\n\n<p>Cologne est plus qu&rsquo;une ville &#8211; c&rsquo;est un livre d&rsquo;histoire vivant ! Pour les classes et les groupes de jeunes en particulier, mes visites guid\u00e9es offrent une occasion unique de d\u00e9couvrir Cologne &#8211; de mani\u00e8re interactive, divertissante et surtout durable dans la m\u00e9moire. <\/p>\n<div class=\"gb-container gb-container-88671a23\">\n\n<div class=\"wp-block-ultimate-post-button-group ultp-block-4e6fc6\"><div class=\"ultp-button-wrapper ultp-button-frontend ultp-anim-none\">\n<a class=\"wp-block-ultimate-post-button ultp-block-2ccf75 ultp-button-layout1\" href=\"https:\/\/echt-koeln.de\/kontakt\/\" target=\"_self\" rel=\"noopener\"><div class=\"ultp-btnIcon-wrap\"><svg xmlns=\"http:\/\/www.w3.org\/2000\/svg\" viewBox=\"0 0 48 48\"><g><path d=\"M24 4.1A19.9 19.9 0 1 1 4.1 24 19.922 19.922 0 0 1 24 4.1M24 0a24 24 0 1 0 24 24A24 24 0 0 0 24 0\"><\/path><path stroke=\"rgba(0,0,0,0)\" stroke-miterlimit=\"10\" d=\"M22.551 34.324a2.048 2.048 0 0 1 0-2.9l5.376-5.377H15.125a2.05 2.05 0 0 1 0-4.1h12.8l-5.374-5.373a2.05 2.05 0 1 1 2.9-2.9l8.845 8.843.063.062 1.416 1.42-1.422 1.422-.055.055-8.849 8.848a2.047 2.047 0 0 1-2.9 0Z\"><\/path><\/g><\/svg><\/div><div class=\"ultp-button-text\">Jetzt Gruppenf\u00fchrung anfragen <\/div><\/a>\n\n\n\n<a class=\"wp-block-ultimate-post-button ultp-block-7b4ada ultp-button-layout1\" href=\"tel: 02234 6 999 722\" target=\"_self\" rel=\"noopener\"><div class=\"ultp-btnIcon-wrap\"><svg xmlns=\"http:\/\/www.w3.org\/2000\/svg\" viewBox=\"0 0 27.8 29.5\"><path d=\"M27.7 26.7c-1.3-6.5-7-11.3-13.8-11.3S1.3 20.3 0 26.7c-.3 1.4.9 2.8 2.3 2.8h23c1.6 0 2.7-1.3 2.4-2.8z\"><\/path><circle cx=\"13.9\" cy=\"6.4\" r=\"6.4\"><\/circle><\/svg><\/div><div class=\"ultp-button-text\">Telefonisch anfragen<\/div><\/a>\n<\/div><\/div>\n\n\n\n<div style=\"height:16px\" aria-hidden=\"true\" class=\"wp-block-spacer\"><\/div>\n\n<\/div>\n<figure class=\"wp-block-gallery has-nested-images columns-default is-cropped wp-block-gallery-1 is-layout-flex wp-block-gallery-is-layout-flex\">\n<figure class=\"wp-block-image size-large\"><img loading=\"lazy\" decoding=\"async\" width=\"1024\" height=\"768\" data-id=\"21000\" src=\"https:\/\/echt-koeln.de\/wp-content\/uploads\/2023\/02\/img-8004-1024x768.jpg\" alt=\"\" class=\"wp-image-21000\" srcset=\"https:\/\/echt-koeln.de\/wp-content\/uploads\/2023\/02\/img-8004-1024x768.jpg 1024w, https:\/\/echt-koeln.de\/wp-content\/uploads\/2023\/02\/img-8004-600x450.jpg 600w, https:\/\/echt-koeln.de\/wp-content\/uploads\/2023\/02\/img-8004-150x113.jpg 150w, https:\/\/echt-koeln.de\/wp-content\/uploads\/2023\/02\/img-8004-768x576.jpg 768w, https:\/\/echt-koeln.de\/wp-content\/uploads\/2023\/02\/img-8004-1536x1152.jpg 1536w, https:\/\/echt-koeln.de\/wp-content\/uploads\/2023\/02\/img-8004-800x600.jpg 800w, https:\/\/echt-koeln.de\/wp-content\/uploads\/2023\/02\/img-8004-1600x1200.jpg 1600w, https:\/\/echt-koeln.de\/wp-content\/uploads\/2023\/02\/img-8004.jpg 2048w\" sizes=\"auto, (max-width: 1024px) 100vw, 1024px\" \/><\/figure>\n\n\n\n<figure class=\"wp-block-image size-large\"><img loading=\"lazy\" decoding=\"async\" width=\"1024\" height=\"683\" data-id=\"21250\" src=\"https:\/\/echt-koeln.de\/wp-content\/uploads\/2021\/05\/img-4819-3-1024x683.jpg\" alt=\"\" class=\"wp-image-21250\" srcset=\"https:\/\/echt-koeln.de\/wp-content\/uploads\/2021\/05\/img-4819-3-1024x683.jpg 1024w, https:\/\/echt-koeln.de\/wp-content\/uploads\/2021\/05\/img-4819-3-600x400.jpg 600w, https:\/\/echt-koeln.de\/wp-content\/uploads\/2021\/05\/img-4819-3-150x100.jpg 150w, https:\/\/echt-koeln.de\/wp-content\/uploads\/2021\/05\/img-4819-3-768x512.jpg 768w, https:\/\/echt-koeln.de\/wp-content\/uploads\/2021\/05\/img-4819-3-50x33.jpg 50w, https:\/\/echt-koeln.de\/wp-content\/uploads\/2021\/05\/img-4819-3-1600x1067.jpg 1600w, https:\/\/echt-koeln.de\/wp-content\/uploads\/2021\/05\/img-4819-3-1536x1024.jpg 1536w, https:\/\/echt-koeln.de\/wp-content\/uploads\/2021\/05\/img-4819-3-2048x1365.jpg 2048w, https:\/\/echt-koeln.de\/wp-content\/uploads\/2021\/05\/img-4819-3-1200x800.jpg 1200w\" sizes=\"auto, (max-width: 1024px) 100vw, 1024px\" \/><\/figure>\n\n\n\n<figure class=\"wp-block-image size-large\"><img loading=\"lazy\" decoding=\"async\" width=\"1024\" height=\"768\" data-id=\"20999\" src=\"https:\/\/echt-koeln.de\/wp-content\/uploads\/2023\/02\/img-7999-1024x768.jpg\" alt=\"\" class=\"wp-image-20999\" srcset=\"https:\/\/echt-koeln.de\/wp-content\/uploads\/2023\/02\/img-7999-1024x768.jpg 1024w, https:\/\/echt-koeln.de\/wp-content\/uploads\/2023\/02\/img-7999-600x450.jpg 600w, https:\/\/echt-koeln.de\/wp-content\/uploads\/2023\/02\/img-7999-150x113.jpg 150w, https:\/\/echt-koeln.de\/wp-content\/uploads\/2023\/02\/img-7999-768x576.jpg 768w, https:\/\/echt-koeln.de\/wp-content\/uploads\/2023\/02\/img-7999-1536x1152.jpg 1536w, https:\/\/echt-koeln.de\/wp-content\/uploads\/2023\/02\/img-7999-800x600.jpg 800w, https:\/\/echt-koeln.de\/wp-content\/uploads\/2023\/02\/img-7999-1600x1200.jpg 1600w, https:\/\/echt-koeln.de\/wp-content\/uploads\/2023\/02\/img-7999.jpg 2048w\" sizes=\"auto, (max-width: 1024px) 100vw, 1024px\" \/><\/figure>\n<\/figure>\n\n<p class=\"gb-headline gb-headline-135ea3a6 gb-headline-text\"><strong>Cologne avec le c\u0153ur et l&rsquo;esprit  <\/strong><\/p>\n\n<p>Avec un clin d&rsquo;\u0153il, un vrai c\u0153ur de Cologne et une grande soif d&rsquo;apprendre, je vous emm\u00e8ne en voyage \u00e0 travers le pass\u00e9 et le pr\u00e9sent de la ville. Qu&rsquo;il s&rsquo;agisse des Romains, de l&rsquo;imposant style gothique de la cath\u00e9drale de Cologne ou du street art color\u00e9 d&rsquo;Ehrenfeld, je con\u00e7ois chaque visite de mani\u00e8re \u00e0 \u00e9veiller la curiosit\u00e9 et \u00e0 procurer du plaisir. J&rsquo;adapte le contenu \u00e0 chaque groupe, qu&rsquo;il s&rsquo;agisse d&rsquo;une \u00e9cole primaire, d&rsquo;un coll\u00e8ge ou d&rsquo;un lyc\u00e9e. Mes visites ne sont pas des expos\u00e9s arides, mais des exp\u00e9riences vivantes.     <\/p>\n\n<div class=\"wp-block-cover alignwide is-light\"><span aria-hidden=\"true\" class=\"wp-block-cover__background has-background-dim-100 has-background-dim\" style=\"background-color:#d9e1d2\"><\/span><div class=\"wp-block-cover__inner-container is-layout-constrained wp-block-cover-is-layout-constrained\">\n<h2 class=\"gb-headline gb-headline-1fc45ab0 gb-headline-text\"><strong>Qu&rsquo;est-ce qui vous attend lors des visites guid\u00e9es de la ville avec votre classe ?<\/strong><\/h2>\n\n\n\n<ul class=\"wp-block-list\">\n<li class=\"has-contrast-2-color has-text-color has-link-color wp-elements-c389bfcdc711bd29c95eb20a6442d485\"><strong>Des histoires passionnantes plut\u00f4t que des chiffres arides<\/strong>: Saviez-vous que la cath\u00e9drale de Cologne \u00e9tait autrefois un chantier qui ne voulait tout simplement pas \u00eatre termin\u00e9 ? ou que m\u00eame les Romains \u00e9taient d\u00e9j\u00e0 \u00e0 Cologne ?<\/li>\n\n\n\n<li class=\"has-contrast-2-color has-text-color has-link-color wp-elements-2591e9bc31aaff3f72740d134b2dde5e\"><strong>Exp\u00e9riences interactives<\/strong>: Vous pouvez non seulement \u00e9couter, mais aussi participer, poser des questions et laisser libre cours \u00e0 votre soif de d\u00e9couverte.<\/li>\n\n\n\n<li class=\"has-contrast-2-color has-text-color has-link-color wp-elements-a2828f1ffc8ec7cd8494ead07ff696c8\"><strong>Des sujets qui rassemblent<\/strong>: Que ce soit l&rsquo;histoire, l&rsquo;art ou les secrets de la vie quotidienne dans une grande ville moderne, nous trouvons exactement ce qui vous int\u00e9resse.<\/li>\n<\/ul>\n<\/div><\/div>\n\n<div style=\"height:32px\" aria-hidden=\"true\" class=\"wp-block-spacer\"><\/div>\n<div class=\"gb-container gb-container-88671a23\">\n\n<div class=\"wp-block-ultimate-post-button-group ultp-block-4e6fc6\"><div class=\"ultp-button-wrapper ultp-button-frontend ultp-anim-none\">\n<a class=\"wp-block-ultimate-post-button ultp-block-2ccf75 ultp-button-layout1\" href=\"https:\/\/echt-koeln.de\/kontakt\/\" target=\"_self\" rel=\"noopener\"><div class=\"ultp-btnIcon-wrap\"><svg xmlns=\"http:\/\/www.w3.org\/2000\/svg\" viewBox=\"0 0 48 48\"><g><path d=\"M24 4.1A19.9 19.9 0 1 1 4.1 24 19.922 19.922 0 0 1 24 4.1M24 0a24 24 0 1 0 24 24A24 24 0 0 0 24 0\"><\/path><path stroke=\"rgba(0,0,0,0)\" stroke-miterlimit=\"10\" d=\"M22.551 34.324a2.048 2.048 0 0 1 0-2.9l5.376-5.377H15.125a2.05 2.05 0 0 1 0-4.1h12.8l-5.374-5.373a2.05 2.05 0 1 1 2.9-2.9l8.845 8.843.063.062 1.416 1.42-1.422 1.422-.055.055-8.849 8.848a2.047 2.047 0 0 1-2.9 0Z\"><\/path><\/g><\/svg><\/div><div class=\"ultp-button-text\">Jetzt Gruppenf\u00fchrung anfragen <\/div><\/a>\n\n\n\n<a class=\"wp-block-ultimate-post-button ultp-block-7b4ada ultp-button-layout1\" href=\"tel: 02234 6 999 722\" target=\"_self\" rel=\"noopener\"><div class=\"ultp-btnIcon-wrap\"><svg xmlns=\"http:\/\/www.w3.org\/2000\/svg\" viewBox=\"0 0 27.8 29.5\"><path d=\"M27.7 26.7c-1.3-6.5-7-11.3-13.8-11.3S1.3 20.3 0 26.7c-.3 1.4.9 2.8 2.3 2.8h23c1.6 0 2.7-1.3 2.4-2.8z\"><\/path><circle cx=\"13.9\" cy=\"6.4\" r=\"6.4\"><\/circle><\/svg><\/div><div class=\"ultp-button-text\">Telefonisch anfragen<\/div><\/a>\n<\/div><\/div>\n\n\n\n<div style=\"height:16px\" aria-hidden=\"true\" class=\"wp-block-spacer\"><\/div>\n\n<\/div>\n<h2 class=\"gb-headline gb-headline-eab7db94 gb-headline-text\">Visites guid\u00e9es de la ville par th\u00e8me pour les groupes scolaires<\/h2>\n<div class=\"gb-container gb-container-9e8ac7b7\"><div class=\"gb-inside-container\">\n<div  class=\"ultp-post-grid-block wp-block-ultimate-post-post-grid-1 ultp-block-c3eae7\"><div class=\"ultp-block-wrapper\"><div class=\"ultp-loading\"><div class=\"ultp-loading-blocks\" style=\"width:100%;height:100%;\"><div style=\"left: 0;top: 0;animation-delay:0s;\"><\/div><div style=\"left: 21px;top: 0;animation-delay:0.125s;\"><\/div><div style=\"left: 42px;top: 0;animation-delay:0.25s;\"><\/div><div style=\"left: 0;top: 21px;animation-delay:0.875s;\"><\/div><div style=\"left: 42px;top: 21px;animation-delay:0.375s;\"><\/div><div style=\"left: 0;top: 42px;animation-delay:0.75s;\"><\/div><div style=\"left: 42px;top: 42px;animation-delay:0.625s;\"><\/div><div style=\"left: 21px;top: 42px;animation-delay:0.5s;\"><\/div><\/div><\/div><div class=\"ultp-block-items-wrap ultp-block-row ultp-pg1a-style1 ultp-grid1-responsive ultp-block-column-3 1 1 ultp-layout1\"><div class=\"ultp-block-item post-id-24153\"><div class=\"ultp-block-content-wrap\"><div class=\"ultp-block-image ultp-block-image-zoomIn\"><a href=\"https:\/\/echt-koeln.de\/fr\/touren\/stadtfuehrung-koeln-fuer-schueler\/\" ><img decoding=\"async\"  class=\"ultp-block-image-content\"  alt=\"Visite guid\u00e9e de Cologne pour les \u00e9l\u00e8ves\"  src=\"https:\/\/echt-koeln.de\/wp-content\/uploads\/2023\/02\/img-5918-800x600.jpg\" \/><\/a><\/div><div class=\"ultp-block-content\"><h3 class=\"ultp-block-title \"><a href=\"https:\/\/echt-koeln.de\/fr\/touren\/stadtfuehrung-koeln-fuer-schueler\/\" >Visite guid\u00e9e de Cologne pour les \u00e9l\u00e8ves<\/a><\/h3><div class=\"ultp-block-excerpt\"><p>Qu\u2019est-ce qu\u2019il y a avec les Heinzelm\u00e4nnchen ?Pourquoi Cologne \u00e9tait-elle\u2026<\/p>\n<\/div><div class=\"ultp-block-readmore\"><a aria-label=\"Visite guid\u00e9e de Cologne pour les \u00e9l\u00e8ves\" href=\"https:\/\/echt-koeln.de\/fr\/touren\/stadtfuehrung-koeln-fuer-schueler\/\" >mehr erfahren<\/a><\/div><\/div><\/div><\/div><\/div><\/div><div class=\"pagination-block-html\" aria-hidden=\"true\" style=\"display: none;\"><\/div><\/div>\n<\/div><\/div>\n<div style=\"height:16px\" aria-hidden=\"true\" class=\"wp-block-spacer\"><\/div>\n\n<div class=\"wp-block-columns alignwide has-background is-layout-flex wp-container-core-columns-is-layout-9d6595d7 wp-block-columns-is-layout-flex\" style=\"background-color:#689869\">\n<div class=\"wp-block-column is-layout-flow wp-block-column-is-layout-flow\" style=\"flex-basis:33.33%\">\n<figure class=\"wp-block-image size-large\"><img loading=\"lazy\" decoding=\"async\" width=\"768\" height=\"1024\" src=\"https:\/\/echt-koeln.de\/wp-content\/uploads\/2022\/07\/6e0e2428-cf2e-4afa-a1fd-3464d5af5f63-768x1024.jpg\" alt=\"\" class=\"wp-image-20882\" srcset=\"https:\/\/echt-koeln.de\/wp-content\/uploads\/2022\/07\/6e0e2428-cf2e-4afa-a1fd-3464d5af5f63-768x1024.jpg 768w, https:\/\/echt-koeln.de\/wp-content\/uploads\/2022\/07\/6e0e2428-cf2e-4afa-a1fd-3464d5af5f63-450x600.jpg 450w, https:\/\/echt-koeln.de\/wp-content\/uploads\/2022\/07\/6e0e2428-cf2e-4afa-a1fd-3464d5af5f63-113x150.jpg 113w, https:\/\/echt-koeln.de\/wp-content\/uploads\/2022\/07\/6e0e2428-cf2e-4afa-a1fd-3464d5af5f63-1152x1536.jpg 1152w, https:\/\/echt-koeln.de\/wp-content\/uploads\/2022\/07\/6e0e2428-cf2e-4afa-a1fd-3464d5af5f63.jpg 1200w\" sizes=\"auto, (max-width: 768px) 100vw, 768px\" \/><\/figure>\n<\/div>\n\n\n\n<div class=\"wp-block-column is-vertically-aligned-center is-layout-flow wp-block-column-is-layout-flow\" style=\"flex-basis:66.66%\">\n<p class=\"has-base-3-color has-text-color has-link-color wp-elements-d8a7968dd2c2eeacceb331db8ebe341d\"><strong>Votre guide Markus Zens<\/strong><\/p>\n\n\n\n<p class=\"has-base-3-color has-text-color has-link-color wp-elements-0665696bb4f55375ec1560a453711b15\">Je suis un habitant de Cologne jusqu&rsquo;au bout, avec un faible pour tout ce qui rend cette ville sp\u00e9ciale. Depuis des ann\u00e9es, mon \u00e9quipe et moi guidons des classes et des jeunes \u00e0 travers les ruelles, les places et les secrets de Cologne. J&rsquo;aime voir comment les questions curieuses se transforment en v\u00e9ritable enthousiasme. Nos visites sont authentiques, flexibles et toujours racont\u00e9es avec un clin d&rsquo;\u0153il &#8211; typiquement Cologne.   <\/p>\n<\/div>\n\n\n\n<div class=\"wp-block-column is-layout-flow wp-block-column-is-layout-flow\" style=\"flex-basis:10px\"><\/div>\n<\/div>\n\n<div style=\"height:16px\" aria-hidden=\"true\" class=\"wp-block-spacer\"><\/div>\n","protected":false},"excerpt":{"rendered":"<p>Les enfants et les jeunes d\u00e9couvrent Cologne<\/p>\n","protected":false},"author":2,"featured_media":22995,"parent":24924,"menu_order":142,"comment_status":"closed","ping_status":"closed","template":"","meta":{"footnotes":""},"class_list":["post-24511","page","type-page","status-publish","has-post-thumbnail"],"yoast_head":"<!-- This site is optimized with the Yoast SEO plugin v27.5 - https:\/\/yoast.com\/product\/yoast-seo-wordpress\/ -->\n<title>Visites guid\u00e9es pour les \u00e9l\u00e8ves | r\u00e9server maintenant chez Echt K\u00f6ln<\/title>\n<meta name=\"description\" content=\"Des visites guid\u00e9es impressionnantes pour les enfants \u00e0 Cologne. Des visites passionnantes pour les petits visiteurs de cette ville mondiale.\" \/>\n<meta name=\"robots\" content=\"index, follow, max-snippet:-1, max-image-preview:large, max-video-preview:-1\" \/>\n<link rel=\"canonical\" href=\"https:\/\/echt-koeln.de\/fr\/tours\/visites-guidees-pour-les-classes-et-les-jeunes-a-cologne\/\" \/>\n<meta property=\"og:locale\" content=\"fr_FR\" \/>\n<meta property=\"og:type\" content=\"article\" \/>\n<meta property=\"og:title\" content=\"D\u00e9couvrir Cologne : Visites guid\u00e9es pour enfants\" \/>\n<meta property=\"og:description\" content=\"Des visites guid\u00e9es impressionnantes pour les enfants \u00e0 Cologne. Des visites passionnantes pour les petits visiteurs de cette ville mondiale.\" \/>\n<meta property=\"og:url\" content=\"https:\/\/echt-koeln.de\/fr\/tours\/visites-guidees-pour-les-classes-et-les-jeunes-a-cologne\/\" \/>\n<meta property=\"og:site_name\" content=\"echt K\u00f6ln Stadtf\u00fchrungen\" \/>\n<meta property=\"article:modified_time\" content=\"2025-11-17T14:22:27+00:00\" \/>\n<meta property=\"og:image\" content=\"https:\/\/echt-koeln.de\/wp-content\/uploads\/2023\/08\/shutterstock-1669363282-paola-leone-600x400.jpg\" \/>\n<meta name=\"twitter:card\" content=\"summary_large_image\" \/>\n<meta name=\"twitter:title\" content=\"D\u00e9couvrir Cologne : Visites guid\u00e9es pour enfants\" \/>\n<meta name=\"twitter:image\" content=\"https:\/\/echt-koeln.de\/wp-content\/uploads\/2023\/08\/shutterstock-1669363282-paola-leone-600x400.jpg\" \/>\n<meta name=\"twitter:label1\" content=\"Dur\u00e9e de lecture estim\u00e9e\" \/>\n\t<meta name=\"twitter:data1\" content=\"2 minutes\" \/>\n<script type=\"application\/ld+json\" class=\"yoast-schema-graph\">{\"@context\":\"https:\\\/\\\/schema.org\",\"@graph\":[{\"@type\":\"WebPage\",\"@id\":\"https:\\\/\\\/echt-koeln.de\\\/fr\\\/tours\\\/visites-guidees-pour-les-classes-et-les-jeunes-a-cologne\\\/\",\"url\":\"https:\\\/\\\/echt-koeln.de\\\/fr\\\/tours\\\/visites-guidees-pour-les-classes-et-les-jeunes-a-cologne\\\/\",\"name\":\"Visites guid\u00e9es pour les \u00e9l\u00e8ves | r\u00e9server maintenant chez Echt K\u00f6ln\",\"isPartOf\":{\"@id\":\"https:\\\/\\\/echt-koeln.de\\\/fr\\\/#website\"},\"primaryImageOfPage\":{\"@id\":\"https:\\\/\\\/echt-koeln.de\\\/fr\\\/tours\\\/visites-guidees-pour-les-classes-et-les-jeunes-a-cologne\\\/#primaryimage\"},\"image\":{\"@id\":\"https:\\\/\\\/echt-koeln.de\\\/fr\\\/tours\\\/visites-guidees-pour-les-classes-et-les-jeunes-a-cologne\\\/#primaryimage\"},\"thumbnailUrl\":\"https:\\\/\\\/echt-koeln.de\\\/wp-content\\\/uploads\\\/2023\\\/08\\\/shutterstock-1669363282-paola-leone-scaled.jpg\",\"datePublished\":\"2023-08-15T14:28:08+00:00\",\"dateModified\":\"2025-11-17T14:22:27+00:00\",\"description\":\"Des visites guid\u00e9es impressionnantes pour les enfants \u00e0 Cologne. Des visites passionnantes pour les petits visiteurs de cette ville mondiale.\",\"breadcrumb\":{\"@id\":\"https:\\\/\\\/echt-koeln.de\\\/fr\\\/tours\\\/visites-guidees-pour-les-classes-et-les-jeunes-a-cologne\\\/#breadcrumb\"},\"inLanguage\":\"fr-FR\",\"potentialAction\":[{\"@type\":\"ReadAction\",\"target\":[\"https:\\\/\\\/echt-koeln.de\\\/fr\\\/tours\\\/visites-guidees-pour-les-classes-et-les-jeunes-a-cologne\\\/\"]}]},{\"@type\":\"ImageObject\",\"inLanguage\":\"fr-FR\",\"@id\":\"https:\\\/\\\/echt-koeln.de\\\/fr\\\/tours\\\/visites-guidees-pour-les-classes-et-les-jeunes-a-cologne\\\/#primaryimage\",\"url\":\"https:\\\/\\\/echt-koeln.de\\\/wp-content\\\/uploads\\\/2023\\\/08\\\/shutterstock-1669363282-paola-leone-scaled.jpg\",\"contentUrl\":\"https:\\\/\\\/echt-koeln.de\\\/wp-content\\\/uploads\\\/2023\\\/08\\\/shutterstock-1669363282-paola-leone-scaled.jpg\",\"width\":2560,\"height\":1707,\"caption\":\"Cologne Koln, Germany- February 28, 2020: Famous Fish Market Colorful Houses and Gross St Martin Church\"},{\"@type\":\"BreadcrumbList\",\"@id\":\"https:\\\/\\\/echt-koeln.de\\\/fr\\\/tours\\\/visites-guidees-pour-les-classes-et-les-jeunes-a-cologne\\\/#breadcrumb\",\"itemListElement\":[{\"@type\":\"ListItem\",\"position\":1,\"name\":\"Startseite\",\"item\":\"https:\\\/\\\/echt-koeln.de\\\/fr\\\/\"},{\"@type\":\"ListItem\",\"position\":2,\"name\":\"Tours\",\"item\":\"https:\\\/\\\/echt-koeln.de\\\/fr\\\/tours\\\/\"},{\"@type\":\"ListItem\",\"position\":3,\"name\":\"Visites guid\u00e9es pour les classes et les jeunes \u00e0 Cologne\"}]},{\"@type\":\"WebSite\",\"@id\":\"https:\\\/\\\/echt-koeln.de\\\/fr\\\/#website\",\"url\":\"https:\\\/\\\/echt-koeln.de\\\/fr\\\/\",\"name\":\"echt K\u00f6ln\",\"description\":\"Begegnungen mit einer ganz besonderen Stadt\",\"publisher\":{\"@id\":\"https:\\\/\\\/echt-koeln.de\\\/fr\\\/#\\\/schema\\\/person\\\/fafc759c78f6aa21c8fe344f16d37d07\"},\"potentialAction\":[{\"@type\":\"SearchAction\",\"target\":{\"@type\":\"EntryPoint\",\"urlTemplate\":\"https:\\\/\\\/echt-koeln.de\\\/fr\\\/?s={search_term_string}\"},\"query-input\":{\"@type\":\"PropertyValueSpecification\",\"valueRequired\":true,\"valueName\":\"search_term_string\"}}],\"inLanguage\":\"fr-FR\"},{\"@type\":[\"Person\",\"Organization\"],\"@id\":\"https:\\\/\\\/echt-koeln.de\\\/fr\\\/#\\\/schema\\\/person\\\/fafc759c78f6aa21c8fe344f16d37d07\",\"name\":\"Markus Zens\",\"image\":{\"@type\":\"ImageObject\",\"inLanguage\":\"fr-FR\",\"@id\":\"https:\\\/\\\/echt-koeln.de\\\/wp-content\\\/uploads\\\/2020\\\/09\\\/cropped-echt_koeln_logo_klein.jpg\",\"url\":\"https:\\\/\\\/echt-koeln.de\\\/wp-content\\\/uploads\\\/2020\\\/09\\\/cropped-echt_koeln_logo_klein.jpg\",\"contentUrl\":\"https:\\\/\\\/echt-koeln.de\\\/wp-content\\\/uploads\\\/2020\\\/09\\\/cropped-echt_koeln_logo_klein.jpg\",\"width\":2000,\"height\":400,\"caption\":\"Markus Zens\"},\"logo\":{\"@id\":\"https:\\\/\\\/echt-koeln.de\\\/wp-content\\\/uploads\\\/2020\\\/09\\\/cropped-echt_koeln_logo_klein.jpg\"}}]}<\/script>\n<!-- \/ Yoast SEO plugin. -->","yoast_head_json":{"title":"Visites guid\u00e9es pour les \u00e9l\u00e8ves | r\u00e9server maintenant chez Echt K\u00f6ln","description":"Des visites guid\u00e9es impressionnantes pour les enfants \u00e0 Cologne. Des visites passionnantes pour les petits visiteurs de cette ville mondiale.","robots":{"index":"index","follow":"follow","max-snippet":"max-snippet:-1","max-image-preview":"max-image-preview:large","max-video-preview":"max-video-preview:-1"},"canonical":"https:\/\/echt-koeln.de\/fr\/tours\/visites-guidees-pour-les-classes-et-les-jeunes-a-cologne\/","og_locale":"fr_FR","og_type":"article","og_title":"D\u00e9couvrir Cologne : Visites guid\u00e9es pour enfants","og_description":"Des visites guid\u00e9es impressionnantes pour les enfants \u00e0 Cologne. Des visites passionnantes pour les petits visiteurs de cette ville mondiale.","og_url":"https:\/\/echt-koeln.de\/fr\/tours\/visites-guidees-pour-les-classes-et-les-jeunes-a-cologne\/","og_site_name":"echt K\u00f6ln Stadtf\u00fchrungen","article_modified_time":"2025-11-17T14:22:27+00:00","og_image":[{"url":"https:\/\/echt-koeln.de\/wp-content\/uploads\/2023\/08\/shutterstock-1669363282-paola-leone-600x400.jpg","type":"","width":"","height":""}],"twitter_card":"summary_large_image","twitter_title":"D\u00e9couvrir Cologne : Visites guid\u00e9es pour enfants","twitter_image":"https:\/\/echt-koeln.de\/wp-content\/uploads\/2023\/08\/shutterstock-1669363282-paola-leone-600x400.jpg","twitter_misc":{"Dur\u00e9e de lecture estim\u00e9e":"2 minutes"},"schema":{"@context":"https:\/\/schema.org","@graph":[{"@type":"WebPage","@id":"https:\/\/echt-koeln.de\/fr\/tours\/visites-guidees-pour-les-classes-et-les-jeunes-a-cologne\/","url":"https:\/\/echt-koeln.de\/fr\/tours\/visites-guidees-pour-les-classes-et-les-jeunes-a-cologne\/","name":"Visites guid\u00e9es pour les \u00e9l\u00e8ves | r\u00e9server maintenant chez Echt K\u00f6ln","isPartOf":{"@id":"https:\/\/echt-koeln.de\/fr\/#website"},"primaryImageOfPage":{"@id":"https:\/\/echt-koeln.de\/fr\/tours\/visites-guidees-pour-les-classes-et-les-jeunes-a-cologne\/#primaryimage"},"image":{"@id":"https:\/\/echt-koeln.de\/fr\/tours\/visites-guidees-pour-les-classes-et-les-jeunes-a-cologne\/#primaryimage"},"thumbnailUrl":"https:\/\/echt-koeln.de\/wp-content\/uploads\/2023\/08\/shutterstock-1669363282-paola-leone-scaled.jpg","datePublished":"2023-08-15T14:28:08+00:00","dateModified":"2025-11-17T14:22:27+00:00","description":"Des visites guid\u00e9es impressionnantes pour les enfants \u00e0 Cologne. Des visites passionnantes pour les petits visiteurs de cette ville mondiale.","breadcrumb":{"@id":"https:\/\/echt-koeln.de\/fr\/tours\/visites-guidees-pour-les-classes-et-les-jeunes-a-cologne\/#breadcrumb"},"inLanguage":"fr-FR","potentialAction":[{"@type":"ReadAction","target":["https:\/\/echt-koeln.de\/fr\/tours\/visites-guidees-pour-les-classes-et-les-jeunes-a-cologne\/"]}]},{"@type":"ImageObject","inLanguage":"fr-FR","@id":"https:\/\/echt-koeln.de\/fr\/tours\/visites-guidees-pour-les-classes-et-les-jeunes-a-cologne\/#primaryimage","url":"https:\/\/echt-koeln.de\/wp-content\/uploads\/2023\/08\/shutterstock-1669363282-paola-leone-scaled.jpg","contentUrl":"https:\/\/echt-koeln.de\/wp-content\/uploads\/2023\/08\/shutterstock-1669363282-paola-leone-scaled.jpg","width":2560,"height":1707,"caption":"Cologne Koln, Germany- February 28, 2020: Famous Fish Market Colorful Houses and Gross St Martin Church"},{"@type":"BreadcrumbList","@id":"https:\/\/echt-koeln.de\/fr\/tours\/visites-guidees-pour-les-classes-et-les-jeunes-a-cologne\/#breadcrumb","itemListElement":[{"@type":"ListItem","position":1,"name":"Startseite","item":"https:\/\/echt-koeln.de\/fr\/"},{"@type":"ListItem","position":2,"name":"Tours","item":"https:\/\/echt-koeln.de\/fr\/tours\/"},{"@type":"ListItem","position":3,"name":"Visites guid\u00e9es pour les classes et les jeunes \u00e0 Cologne"}]},{"@type":"WebSite","@id":"https:\/\/echt-koeln.de\/fr\/#website","url":"https:\/\/echt-koeln.de\/fr\/","name":"echt K\u00f6ln","description":"Begegnungen mit einer ganz besonderen Stadt","publisher":{"@id":"https:\/\/echt-koeln.de\/fr\/#\/schema\/person\/fafc759c78f6aa21c8fe344f16d37d07"},"potentialAction":[{"@type":"SearchAction","target":{"@type":"EntryPoint","urlTemplate":"https:\/\/echt-koeln.de\/fr\/?s={search_term_string}"},"query-input":{"@type":"PropertyValueSpecification","valueRequired":true,"valueName":"search_term_string"}}],"inLanguage":"fr-FR"},{"@type":["Person","Organization"],"@id":"https:\/\/echt-koeln.de\/fr\/#\/schema\/person\/fafc759c78f6aa21c8fe344f16d37d07","name":"Markus Zens","image":{"@type":"ImageObject","inLanguage":"fr-FR","@id":"https:\/\/echt-koeln.de\/wp-content\/uploads\/2020\/09\/cropped-echt_koeln_logo_klein.jpg","url":"https:\/\/echt-koeln.de\/wp-content\/uploads\/2020\/09\/cropped-echt_koeln_logo_klein.jpg","contentUrl":"https:\/\/echt-koeln.de\/wp-content\/uploads\/2020\/09\/cropped-echt_koeln_logo_klein.jpg","width":2000,"height":400,"caption":"Markus Zens"},"logo":{"@id":"https:\/\/echt-koeln.de\/wp-content\/uploads\/2020\/09\/cropped-echt_koeln_logo_klein.jpg"}}]}},"_links":{"self":[{"href":"https:\/\/echt-koeln.de\/fr\/wp-json\/wp\/v2\/pages\/24511","targetHints":{"allow":["GET"]}}],"collection":[{"href":"https:\/\/echt-koeln.de\/fr\/wp-json\/wp\/v2\/pages"}],"about":[{"href":"https:\/\/echt-koeln.de\/fr\/wp-json\/wp\/v2\/types\/page"}],"author":[{"embeddable":true,"href":"https:\/\/echt-koeln.de\/fr\/wp-json\/wp\/v2\/users\/2"}],"replies":[{"embeddable":true,"href":"https:\/\/echt-koeln.de\/fr\/wp-json\/wp\/v2\/comments?post=24511"}],"version-history":[{"count":1,"href":"https:\/\/echt-koeln.de\/fr\/wp-json\/wp\/v2\/pages\/24511\/revisions"}],"predecessor-version":[{"id":24512,"href":"https:\/\/echt-koeln.de\/fr\/wp-json\/wp\/v2\/pages\/24511\/revisions\/24512"}],"up":[{"embeddable":true,"href":"https:\/\/echt-koeln.de\/fr\/wp-json\/wp\/v2\/pages\/24924"}],"wp:featuredmedia":[{"embeddable":true,"href":"https:\/\/echt-koeln.de\/fr\/wp-json\/wp\/v2\/media\/22995"}],"wp:attachment":[{"href":"https:\/\/echt-koeln.de\/fr\/wp-json\/wp\/v2\/media?parent=24511"}],"curies":[{"name":"wp","href":"https:\/\/api.w.org\/{rel}","templated":true}]}}