{"id":24913,"date":"2020-09-28T18:00:01","date_gmt":"2020-09-28T16:00:01","guid":{"rendered":"https:\/\/echt-koeln.de\/redescubre-tu-propia-ciudad-como-residente-de-colonia\/"},"modified":"2025-11-17T15:22:25","modified_gmt":"2025-11-17T14:22:25","slug":"redescubre-tu-propia-ciudad-como-residente-de-colonia","status":"publish","type":"page","link":"https:\/\/echt-koeln.de\/es\/tours\/redescubre-tu-propia-ciudad-como-residente-de-colonia\/","title":{"rendered":"Redescubre tu propia ciudad como residente de Colonia"},"content":{"rendered":"\n<p><\/p>\n<div class=\"gb-container gb-container-768b2384\"><div class=\"gb-inside-container\">\n\n<p style=\"font-size:24px\">Explora tu propia ciudad. D\u00e9jate sorprender por 2000 a\u00f1os de historia y las historias que la vida escribi\u00f3. \u00danete a nosotros, con los ojos abiertos, en una visita de descubrimiento por los distritos o en tours tem\u00e1ticos especiales.  <\/p>\n\n\n\n<p><\/p>\n\n\n<div  class=\"ultp-post-grid-block wp-block-ultimate-post-post-grid-1 ultp-block-6042c0 alignwide\"><div class=\"ultp-block-wrapper\"><div class=\"ultp-loading\"><div class=\"ultp-loading-blocks\" style=\"width:100%;height:100%;\"><div style=\"left: 0;top: 0;animation-delay:0s;\"><\/div><div style=\"left: 21px;top: 0;animation-delay:0.125s;\"><\/div><div style=\"left: 42px;top: 0;animation-delay:0.25s;\"><\/div><div style=\"left: 0;top: 21px;animation-delay:0.875s;\"><\/div><div style=\"left: 42px;top: 21px;animation-delay:0.375s;\"><\/div><div style=\"left: 0;top: 42px;animation-delay:0.75s;\"><\/div><div style=\"left: 42px;top: 42px;animation-delay:0.625s;\"><\/div><div style=\"left: 21px;top: 42px;animation-delay:0.5s;\"><\/div><\/div><\/div><div class=\"ultp-block-items-wrap ultp-block-row ultp-pg1a-style1 ultp-grid1-responsive ultp-block-column-2 1 1 ultp-layout1\"><div class=\"ultp-block-item post-id-25031\"><div class=\"ultp-block-content-wrap\"><div class=\"ultp-block-image ultp-block-image-zoomIn\"><a href=\"https:\/\/echt-koeln.de\/es\/touren\/lo-mejor-de-colonia\/\" ><img decoding=\"async\"  class=\"ultp-block-image-content\"  alt=\"Lo mejor de Colonia\"  src=\"https:\/\/echt-koeln.de\/wp-content\/uploads\/2021\/05\/img-4819-3-800x600.jpg\" \/><\/a><\/div><div class=\"ultp-block-content\"><h3 class=\"ultp-block-title \"><a href=\"https:\/\/echt-koeln.de\/es\/touren\/lo-mejor-de-colonia\/\" >Lo mejor de Colonia<\/a><\/h3><div class=\"ultp-block-excerpt\"><p>Visita guiada a Colonia a los lugares m\u00e1s destacados de la ciudad Colonia no es solo la catedral, Colonia tambi\u00e9n es el casco antiguo, el Rin, el Veedel, la gente,&hellip;<\/p>\n<\/div><div class=\"ultp-block-readmore\"><a aria-label=\"Lo mejor de Colonia\" href=\"https:\/\/echt-koeln.de\/es\/touren\/lo-mejor-de-colonia\/\" >mehr erfahren<\/a><\/div><\/div><\/div><\/div><div class=\"ultp-block-item post-id-25074\"><div class=\"ultp-block-content-wrap\"><div class=\"ultp-block-image ultp-block-image-zoomIn\"><a href=\"https:\/\/echt-koeln.de\/es\/touren\/visita-guiada-al-casco-antiguo-de-colonia-con-visita-a-la-cerveceria\/\" ><img decoding=\"async\"  class=\"ultp-block-image-content\"  alt=\"Visita guiada al casco antiguo de Colonia con visita a la cervecer\u00eda\"  src=\"https:\/\/echt-koeln.de\/wp-content\/uploads\/2022\/01\/img-5217-800x600.jpg\" \/><\/a><\/div><div class=\"ultp-block-content\"><h3 class=\"ultp-block-title \"><a href=\"https:\/\/echt-koeln.de\/es\/touren\/visita-guiada-al-casco-antiguo-de-colonia-con-visita-a-la-cerveceria\/\" >Visita guiada al casco antiguo de Colonia con visita a la cervecer\u00eda<\/a><\/h3><div class=\"ultp-block-excerpt\"><p>Tour del casco antiguo de Colonia: historia, cervecer\u00edas y tradiciones de Colonia Visitamos el casco antiguo de Colonia, el centro hist\u00f3rico de Colonia durante casi 2.000 a\u00f1os. Aqu\u00ed, entre el&hellip;<\/p>\n<\/div><div class=\"ultp-block-readmore\"><a aria-label=\"Visita guiada al casco antiguo de Colonia con visita a la cervecer\u00eda\" href=\"https:\/\/echt-koeln.de\/es\/touren\/visita-guiada-al-casco-antiguo-de-colonia-con-visita-a-la-cerveceria\/\" >mehr erfahren<\/a><\/div><\/div><\/div><\/div><div class=\"ultp-block-item post-id-25037\"><div class=\"ultp-block-content-wrap\"><div class=\"ultp-block-image ultp-block-image-zoomIn\"><a href=\"https:\/\/echt-koeln.de\/es\/touren\/visita-guiada-de-arte-urbano-a-ehrenfeld\/\" ><img decoding=\"async\"  class=\"ultp-block-image-content\"  alt=\"Visita guiada de arte urbano a Ehrenfeld\"  src=\"https:\/\/echt-koeln.de\/wp-content\/uploads\/2022\/05\/img-5937-800x600.jpg\" \/><\/a><\/div><div class=\"ultp-block-content\"><h3 class=\"ultp-block-title \"><a href=\"https:\/\/echt-koeln.de\/es\/touren\/visita-guiada-de-arte-urbano-a-ehrenfeld\/\" >Visita guiada de arte urbano a Ehrenfeld<\/a><\/h3><div class=\"ultp-block-excerpt\"><p>Ehrenfeld: De pueblo a para\u00edso del arte urbano Hace 200 a\u00f1os, Ehrenfeld constaba de solo tres granjas. Tras un r\u00e1pido desarrollo durante m\u00e1s de dos siglos, se ha convertido ahora&hellip;<\/p>\n<\/div><div class=\"ultp-block-readmore\"><a aria-label=\"Visita guiada de arte urbano a Ehrenfeld\" href=\"https:\/\/echt-koeln.de\/es\/touren\/visita-guiada-de-arte-urbano-a-ehrenfeld\/\" >mehr erfahren<\/a><\/div><\/div><\/div><\/div><div class=\"ultp-block-item post-id-25063\"><div class=\"ultp-block-content-wrap\"><div class=\"ultp-block-image ultp-block-image-zoomIn\"><a href=\"https:\/\/echt-koeln.de\/es\/touren\/melaten-donde-colonia-vivira-para-siempre\/\" ><img decoding=\"async\"  class=\"ultp-block-image-content\"  alt=\"Melaten \u2013 Donde Colonia vivir\u00e1 para siempre\"  src=\"https:\/\/echt-koeln.de\/wp-content\/uploads\/2021\/06\/img-8821-800x600.jpg\" \/><\/a><\/div><div class=\"ultp-block-content\"><h3 class=\"ultp-block-title \"><a href=\"https:\/\/echt-koeln.de\/es\/touren\/melaten-donde-colonia-vivira-para-siempre\/\" >Melaten \u2013 Donde Colonia vivir\u00e1 para siempre<\/a><\/h3><div class=\"ultp-block-excerpt\"><p>Visita guiada a Melat\u00f3n y sus lugares m\u00e1s bonitos Melaten no es solo un cementerio, Melaten es historia de la ciudad, historia del arte, \u00e1rea de conservaci\u00f3n del paisaje, espacio&hellip;<\/p>\n<\/div><div class=\"ultp-block-readmore\"><a aria-label=\"Melaten \u2013 Donde Colonia vivir\u00e1 para siempre\" href=\"https:\/\/echt-koeln.de\/es\/touren\/melaten-donde-colonia-vivira-para-siempre\/\" >mehr erfahren<\/a><\/div><\/div><\/div><\/div><\/div><\/div><div class=\"pagination-block-html\" aria-hidden=\"true\" style=\"display: none;\"><\/div><\/div>\n<\/div><\/div>","protected":false},"excerpt":{"rendered":"<p>D\u00e9jate sorprender por Colonia y su historia<\/p>\n","protected":false},"author":1,"featured_media":24914,"parent":24927,"menu_order":108,"comment_status":"closed","ping_status":"closed","template":"","meta":{"footnotes":""},"class_list":["post-24913","page","type-page","status-publish","has-post-thumbnail"],"yoast_head":"<!-- This site is optimized with the Yoast SEO plugin v27.5 - https:\/\/yoast.com\/product\/yoast-seo-wordpress\/ -->\n<title>Redescubre tu propia ciudad como residente de Colonia - echt K\u00f6ln Stadtf\u00fchrungen<\/title>\n<meta name=\"robots\" content=\"index, follow, max-snippet:-1, max-image-preview:large, max-video-preview:-1\" \/>\n<link rel=\"canonical\" href=\"https:\/\/echt-koeln.de\/es\/tours\/redescubre-tu-propia-ciudad-como-residente-de-colonia\/\" \/>\n<meta property=\"og:locale\" content=\"es_ES\" \/>\n<meta property=\"og:type\" content=\"article\" \/>\n<meta property=\"og:title\" content=\"Redescubre tu propia ciudad como residente de Colonia - echt K\u00f6ln Stadtf\u00fchrungen\" \/>\n<meta property=\"og:description\" content=\"D\u00e9jate sorprender por Colonia y su historia\" \/>\n<meta property=\"og:url\" content=\"https:\/\/echt-koeln.de\/es\/tours\/redescubre-tu-propia-ciudad-como-residente-de-colonia\/\" \/>\n<meta property=\"og:site_name\" content=\"echt K\u00f6ln Stadtf\u00fchrungen\" \/>\n<meta property=\"article:modified_time\" content=\"2025-11-17T14:22:25+00:00\" \/>\n<meta property=\"og:image\" content=\"https:\/\/echt-koeln.de\/wp-content\/uploads\/2021\/06\/img-5216-scaled.jpg\" \/>\n\t<meta property=\"og:image:width\" content=\"2560\" \/>\n\t<meta property=\"og:image:height\" content=\"1707\" \/>\n\t<meta property=\"og:image:type\" content=\"image\/jpeg\" \/>\n<meta name=\"twitter:card\" content=\"summary_large_image\" \/>\n<script type=\"application\/ld+json\" class=\"yoast-schema-graph\">{\"@context\":\"https:\\\/\\\/schema.org\",\"@graph\":[{\"@type\":\"WebPage\",\"@id\":\"https:\\\/\\\/echt-koeln.de\\\/es\\\/tours\\\/redescubre-tu-propia-ciudad-como-residente-de-colonia\\\/\",\"url\":\"https:\\\/\\\/echt-koeln.de\\\/es\\\/tours\\\/redescubre-tu-propia-ciudad-como-residente-de-colonia\\\/\",\"name\":\"Redescubre tu propia ciudad como residente de Colonia - echt K\u00f6ln Stadtf\u00fchrungen\",\"isPartOf\":{\"@id\":\"https:\\\/\\\/echt-koeln.de\\\/es\\\/#website\"},\"primaryImageOfPage\":{\"@id\":\"https:\\\/\\\/echt-koeln.de\\\/es\\\/tours\\\/redescubre-tu-propia-ciudad-como-residente-de-colonia\\\/#primaryimage\"},\"image\":{\"@id\":\"https:\\\/\\\/echt-koeln.de\\\/es\\\/tours\\\/redescubre-tu-propia-ciudad-como-residente-de-colonia\\\/#primaryimage\"},\"thumbnailUrl\":\"https:\\\/\\\/echt-koeln.de\\\/wp-content\\\/uploads\\\/2021\\\/06\\\/img-5216-scaled.jpg\",\"datePublished\":\"2020-09-28T16:00:01+00:00\",\"dateModified\":\"2025-11-17T14:22:25+00:00\",\"breadcrumb\":{\"@id\":\"https:\\\/\\\/echt-koeln.de\\\/es\\\/tours\\\/redescubre-tu-propia-ciudad-como-residente-de-colonia\\\/#breadcrumb\"},\"inLanguage\":\"es\",\"potentialAction\":[{\"@type\":\"ReadAction\",\"target\":[\"https:\\\/\\\/echt-koeln.de\\\/es\\\/tours\\\/redescubre-tu-propia-ciudad-como-residente-de-colonia\\\/\"]}]},{\"@type\":\"ImageObject\",\"inLanguage\":\"es\",\"@id\":\"https:\\\/\\\/echt-koeln.de\\\/es\\\/tours\\\/redescubre-tu-propia-ciudad-como-residente-de-colonia\\\/#primaryimage\",\"url\":\"https:\\\/\\\/echt-koeln.de\\\/wp-content\\\/uploads\\\/2021\\\/06\\\/img-5216-scaled.jpg\",\"contentUrl\":\"https:\\\/\\\/echt-koeln.de\\\/wp-content\\\/uploads\\\/2021\\\/06\\\/img-5216-scaled.jpg\",\"width\":2560,\"height\":1707},{\"@type\":\"BreadcrumbList\",\"@id\":\"https:\\\/\\\/echt-koeln.de\\\/es\\\/tours\\\/redescubre-tu-propia-ciudad-como-residente-de-colonia\\\/#breadcrumb\",\"itemListElement\":[{\"@type\":\"ListItem\",\"position\":1,\"name\":\"Startseite\",\"item\":\"https:\\\/\\\/echt-koeln.de\\\/es\\\/\"},{\"@type\":\"ListItem\",\"position\":2,\"name\":\"Tours\",\"item\":\"https:\\\/\\\/echt-koeln.de\\\/es\\\/tours\\\/\"},{\"@type\":\"ListItem\",\"position\":3,\"name\":\"Redescubre tu propia ciudad como residente de Colonia\"}]},{\"@type\":\"WebSite\",\"@id\":\"https:\\\/\\\/echt-koeln.de\\\/es\\\/#website\",\"url\":\"https:\\\/\\\/echt-koeln.de\\\/es\\\/\",\"name\":\"echt K\u00f6ln\",\"description\":\"Begegnungen mit einer ganz besonderen Stadt\",\"publisher\":{\"@id\":\"https:\\\/\\\/echt-koeln.de\\\/es\\\/#\\\/schema\\\/person\\\/fafc759c78f6aa21c8fe344f16d37d07\"},\"potentialAction\":[{\"@type\":\"SearchAction\",\"target\":{\"@type\":\"EntryPoint\",\"urlTemplate\":\"https:\\\/\\\/echt-koeln.de\\\/es\\\/?s={search_term_string}\"},\"query-input\":{\"@type\":\"PropertyValueSpecification\",\"valueRequired\":true,\"valueName\":\"search_term_string\"}}],\"inLanguage\":\"es\"},{\"@type\":[\"Person\",\"Organization\"],\"@id\":\"https:\\\/\\\/echt-koeln.de\\\/es\\\/#\\\/schema\\\/person\\\/fafc759c78f6aa21c8fe344f16d37d07\",\"name\":\"Markus Zens\",\"image\":{\"@type\":\"ImageObject\",\"inLanguage\":\"es\",\"@id\":\"https:\\\/\\\/echt-koeln.de\\\/wp-content\\\/uploads\\\/2020\\\/09\\\/cropped-echt_koeln_logo_klein.jpg\",\"url\":\"https:\\\/\\\/echt-koeln.de\\\/wp-content\\\/uploads\\\/2020\\\/09\\\/cropped-echt_koeln_logo_klein.jpg\",\"contentUrl\":\"https:\\\/\\\/echt-koeln.de\\\/wp-content\\\/uploads\\\/2020\\\/09\\\/cropped-echt_koeln_logo_klein.jpg\",\"width\":2000,\"height\":400,\"caption\":\"Markus Zens\"},\"logo\":{\"@id\":\"https:\\\/\\\/echt-koeln.de\\\/wp-content\\\/uploads\\\/2020\\\/09\\\/cropped-echt_koeln_logo_klein.jpg\"}}]}<\/script>\n<!-- \/ Yoast SEO plugin. -->","yoast_head_json":{"title":"Redescubre tu propia ciudad como residente de Colonia - echt K\u00f6ln Stadtf\u00fchrungen","robots":{"index":"index","follow":"follow","max-snippet":"max-snippet:-1","max-image-preview":"max-image-preview:large","max-video-preview":"max-video-preview:-1"},"canonical":"https:\/\/echt-koeln.de\/es\/tours\/redescubre-tu-propia-ciudad-como-residente-de-colonia\/","og_locale":"es_ES","og_type":"article","og_title":"Redescubre tu propia ciudad como residente de Colonia - echt K\u00f6ln Stadtf\u00fchrungen","og_description":"D\u00e9jate sorprender por Colonia y su historia","og_url":"https:\/\/echt-koeln.de\/es\/tours\/redescubre-tu-propia-ciudad-como-residente-de-colonia\/","og_site_name":"echt K\u00f6ln Stadtf\u00fchrungen","article_modified_time":"2025-11-17T14:22:25+00:00","og_image":[{"width":2560,"height":1707,"url":"https:\/\/echt-koeln.de\/wp-content\/uploads\/2021\/06\/img-5216-scaled.jpg","type":"image\/jpeg"}],"twitter_card":"summary_large_image","schema":{"@context":"https:\/\/schema.org","@graph":[{"@type":"WebPage","@id":"https:\/\/echt-koeln.de\/es\/tours\/redescubre-tu-propia-ciudad-como-residente-de-colonia\/","url":"https:\/\/echt-koeln.de\/es\/tours\/redescubre-tu-propia-ciudad-como-residente-de-colonia\/","name":"Redescubre tu propia ciudad como residente de Colonia - echt K\u00f6ln Stadtf\u00fchrungen","isPartOf":{"@id":"https:\/\/echt-koeln.de\/es\/#website"},"primaryImageOfPage":{"@id":"https:\/\/echt-koeln.de\/es\/tours\/redescubre-tu-propia-ciudad-como-residente-de-colonia\/#primaryimage"},"image":{"@id":"https:\/\/echt-koeln.de\/es\/tours\/redescubre-tu-propia-ciudad-como-residente-de-colonia\/#primaryimage"},"thumbnailUrl":"https:\/\/echt-koeln.de\/wp-content\/uploads\/2021\/06\/img-5216-scaled.jpg","datePublished":"2020-09-28T16:00:01+00:00","dateModified":"2025-11-17T14:22:25+00:00","breadcrumb":{"@id":"https:\/\/echt-koeln.de\/es\/tours\/redescubre-tu-propia-ciudad-como-residente-de-colonia\/#breadcrumb"},"inLanguage":"es","potentialAction":[{"@type":"ReadAction","target":["https:\/\/echt-koeln.de\/es\/tours\/redescubre-tu-propia-ciudad-como-residente-de-colonia\/"]}]},{"@type":"ImageObject","inLanguage":"es","@id":"https:\/\/echt-koeln.de\/es\/tours\/redescubre-tu-propia-ciudad-como-residente-de-colonia\/#primaryimage","url":"https:\/\/echt-koeln.de\/wp-content\/uploads\/2021\/06\/img-5216-scaled.jpg","contentUrl":"https:\/\/echt-koeln.de\/wp-content\/uploads\/2021\/06\/img-5216-scaled.jpg","width":2560,"height":1707},{"@type":"BreadcrumbList","@id":"https:\/\/echt-koeln.de\/es\/tours\/redescubre-tu-propia-ciudad-como-residente-de-colonia\/#breadcrumb","itemListElement":[{"@type":"ListItem","position":1,"name":"Startseite","item":"https:\/\/echt-koeln.de\/es\/"},{"@type":"ListItem","position":2,"name":"Tours","item":"https:\/\/echt-koeln.de\/es\/tours\/"},{"@type":"ListItem","position":3,"name":"Redescubre tu propia ciudad como residente de Colonia"}]},{"@type":"WebSite","@id":"https:\/\/echt-koeln.de\/es\/#website","url":"https:\/\/echt-koeln.de\/es\/","name":"echt K\u00f6ln","description":"Begegnungen mit einer ganz besonderen Stadt","publisher":{"@id":"https:\/\/echt-koeln.de\/es\/#\/schema\/person\/fafc759c78f6aa21c8fe344f16d37d07"},"potentialAction":[{"@type":"SearchAction","target":{"@type":"EntryPoint","urlTemplate":"https:\/\/echt-koeln.de\/es\/?s={search_term_string}"},"query-input":{"@type":"PropertyValueSpecification","valueRequired":true,"valueName":"search_term_string"}}],"inLanguage":"es"},{"@type":["Person","Organization"],"@id":"https:\/\/echt-koeln.de\/es\/#\/schema\/person\/fafc759c78f6aa21c8fe344f16d37d07","name":"Markus Zens","image":{"@type":"ImageObject","inLanguage":"es","@id":"https:\/\/echt-koeln.de\/wp-content\/uploads\/2020\/09\/cropped-echt_koeln_logo_klein.jpg","url":"https:\/\/echt-koeln.de\/wp-content\/uploads\/2020\/09\/cropped-echt_koeln_logo_klein.jpg","contentUrl":"https:\/\/echt-koeln.de\/wp-content\/uploads\/2020\/09\/cropped-echt_koeln_logo_klein.jpg","width":2000,"height":400,"caption":"Markus Zens"},"logo":{"@id":"https:\/\/echt-koeln.de\/wp-content\/uploads\/2020\/09\/cropped-echt_koeln_logo_klein.jpg"}}]}},"_links":{"self":[{"href":"https:\/\/echt-koeln.de\/es\/wp-json\/wp\/v2\/pages\/24913","targetHints":{"allow":["GET"]}}],"collection":[{"href":"https:\/\/echt-koeln.de\/es\/wp-json\/wp\/v2\/pages"}],"about":[{"href":"https:\/\/echt-koeln.de\/es\/wp-json\/wp\/v2\/types\/page"}],"author":[{"embeddable":true,"href":"https:\/\/echt-koeln.de\/es\/wp-json\/wp\/v2\/users\/1"}],"replies":[{"embeddable":true,"href":"https:\/\/echt-koeln.de\/es\/wp-json\/wp\/v2\/comments?post=24913"}],"version-history":[{"count":3,"href":"https:\/\/echt-koeln.de\/es\/wp-json\/wp\/v2\/pages\/24913\/revisions"}],"predecessor-version":[{"id":24920,"href":"https:\/\/echt-koeln.de\/es\/wp-json\/wp\/v2\/pages\/24913\/revisions\/24920"}],"up":[{"embeddable":true,"href":"https:\/\/echt-koeln.de\/es\/wp-json\/wp\/v2\/pages\/24927"}],"wp:featuredmedia":[{"embeddable":true,"href":"https:\/\/echt-koeln.de\/es\/wp-json\/wp\/v2\/media\/24914"}],"wp:attachment":[{"href":"https:\/\/echt-koeln.de\/es\/wp-json\/wp\/v2\/media?parent=24913"}],"curies":[{"name":"wp","href":"https:\/\/api.w.org\/{rel}","templated":true}]}}