{"id":24848,"date":"2020-09-29T10:03:57","date_gmt":"2020-09-29T08:03:57","guid":{"rendered":"https:\/\/echt-koeln.de\/en-grupo-durante-un-dia-en-colonia\/"},"modified":"2025-11-17T15:22:27","modified_gmt":"2025-11-17T14:22:27","slug":"en-grupo-durante-un-dia-en-colonia","status":"publish","type":"page","link":"https:\/\/echt-koeln.de\/es\/tours\/en-grupo-durante-un-dia-en-colonia\/","title":{"rendered":"En grupo durante un d\u00eda en Colonia"},"content":{"rendered":"<div class=\"gb-container gb-container-3763f049\"><div class=\"gb-inside-container\">\n\n<h2 class=\"gb-headline gb-headline-438b6fe0 gb-headline-text\"><strong>Visitas privadas a ciudades que inspiran<\/strong><\/h2>\n\n\n\n<p><strong>Descubre Colonia de una forma totalmente nueva con tu grupo  <\/strong><\/p>\n\n\n\n<p style=\"font-size:24px\">Colonia no es s\u00f3lo una ciudad, es una forma de vida. Con sus sinuosas callejuelas, sus impresionantes monumentos y sus apasionantes historias, la ciudad de las catedrales ofrece el escenario perfecto para vivir experiencias inolvidables. Ya sea una excursi\u00f3n de empresa, una celebraci\u00f3n familiar, un cumplea\u00f1os o una despedida de soltero: una visita privada a la ciudad de Colonia convertir\u00e1 tu excursi\u00f3n en grupo en un momento muy especial.  <\/p>\n\n\n\n<p>Una visita individual a la ciudad de Colonia es ideal para<\/p>\n\n\n\n<ul class=\"wp-block-list\">\n<li>Salidas de empresa<\/li>\n\n\n\n<li>Eventos en equipo<\/li>\n\n\n\n<li>Celebraciones familiares y cumplea\u00f1os<\/li>\n\n\n\n<li>Despedidas de soltero<\/li>\n\n\n\n<li>Grupos de amigos  <\/li>\n\n\n\n<li>Clubes  <\/li>\n\n\n\n<li>y muchos m\u00e1s&#8230;<\/li>\n<\/ul>\n\n\n<div class=\"gb-container gb-container-88671a23\">\n\n<div class=\"wp-block-ultimate-post-button-group ultp-block-4e6fc6\"><div class=\"ultp-button-wrapper ultp-button-frontend ultp-anim-none\">\n<a class=\"wp-block-ultimate-post-button ultp-block-2ccf75 ultp-button-layout1\" href=\"https:\/\/echt-koeln.de\/kontakt\/\" target=\"_self\" rel=\"noopener\"><div class=\"ultp-btnIcon-wrap\"><svg xmlns=\"http:\/\/www.w3.org\/2000\/svg\" viewBox=\"0 0 48 48\"><g><path d=\"M24 4.1A19.9 19.9 0 1 1 4.1 24 19.922 19.922 0 0 1 24 4.1M24 0a24 24 0 1 0 24 24A24 24 0 0 0 24 0\"><\/path><path stroke=\"rgba(0,0,0,0)\" stroke-miterlimit=\"10\" d=\"M22.551 34.324a2.048 2.048 0 0 1 0-2.9l5.376-5.377H15.125a2.05 2.05 0 0 1 0-4.1h12.8l-5.374-5.373a2.05 2.05 0 1 1 2.9-2.9l8.845 8.843.063.062 1.416 1.42-1.422 1.422-.055.055-8.849 8.848a2.047 2.047 0 0 1-2.9 0Z\"><\/path><\/g><\/svg><\/div><div class=\"ultp-button-text\">Jetzt Gruppenf\u00fchrung anfragen <\/div><\/a>\n\n\n\n<a class=\"wp-block-ultimate-post-button ultp-block-7b4ada ultp-button-layout1\" href=\"tel: 02234 6 999 722\" target=\"_self\" rel=\"noopener\"><div class=\"ultp-btnIcon-wrap\"><svg xmlns=\"http:\/\/www.w3.org\/2000\/svg\" viewBox=\"0 0 27.8 29.5\"><path d=\"M27.7 26.7c-1.3-6.5-7-11.3-13.8-11.3S1.3 20.3 0 26.7c-.3 1.4.9 2.8 2.3 2.8h23c1.6 0 2.7-1.3 2.4-2.8z\"><\/path><circle cx=\"13.9\" cy=\"6.4\" r=\"6.4\"><\/circle><\/svg><\/div><div class=\"ultp-button-text\">Telefonisch anfragen<\/div><\/a>\n<\/div><\/div>\n\n\n\n<div style=\"height:16px\" aria-hidden=\"true\" class=\"wp-block-spacer\"><\/div>\n\n<\/div>\n\n\n<figure class=\"wp-block-gallery has-nested-images columns-default is-cropped wp-block-gallery-1 is-layout-flex wp-block-gallery-is-layout-flex\">\n<figure class=\"wp-block-image size-large\"><img loading=\"lazy\" decoding=\"async\" width=\"1024\" height=\"683\" data-id=\"21250\" src=\"https:\/\/echt-koeln.de\/wp-content\/uploads\/2021\/05\/img-4819-3-1024x683.jpg\" alt=\"\" class=\"wp-image-21250\" srcset=\"https:\/\/echt-koeln.de\/wp-content\/uploads\/2021\/05\/img-4819-3-1024x683.jpg 1024w, https:\/\/echt-koeln.de\/wp-content\/uploads\/2021\/05\/img-4819-3-600x400.jpg 600w, https:\/\/echt-koeln.de\/wp-content\/uploads\/2021\/05\/img-4819-3-150x100.jpg 150w, https:\/\/echt-koeln.de\/wp-content\/uploads\/2021\/05\/img-4819-3-768x512.jpg 768w, https:\/\/echt-koeln.de\/wp-content\/uploads\/2021\/05\/img-4819-3-50x33.jpg 50w, https:\/\/echt-koeln.de\/wp-content\/uploads\/2021\/05\/img-4819-3-1600x1067.jpg 1600w, https:\/\/echt-koeln.de\/wp-content\/uploads\/2021\/05\/img-4819-3-1536x1024.jpg 1536w, https:\/\/echt-koeln.de\/wp-content\/uploads\/2021\/05\/img-4819-3-2048x1365.jpg 2048w, https:\/\/echt-koeln.de\/wp-content\/uploads\/2021\/05\/img-4819-3-1200x800.jpg 1200w\" sizes=\"auto, (max-width: 1024px) 100vw, 1024px\" \/><\/figure>\n\n\n\n<figure class=\"wp-block-image size-large\"><img loading=\"lazy\" decoding=\"async\" width=\"683\" height=\"1024\" data-id=\"20957\" src=\"https:\/\/echt-koeln.de\/wp-content\/uploads\/2022\/10\/ausser-der-reihe-18-hans-gert-kierdorf-detail-3-figur-mit-blumenstrauss-und-pappnase-foto-m-markolwitz-683x1024.jpg\" alt=\"\" class=\"wp-image-20957\" srcset=\"https:\/\/echt-koeln.de\/wp-content\/uploads\/2022\/10\/ausser-der-reihe-18-hans-gert-kierdorf-detail-3-figur-mit-blumenstrauss-und-pappnase-foto-m-markolwitz-683x1024.jpg 683w, https:\/\/echt-koeln.de\/wp-content\/uploads\/2022\/10\/ausser-der-reihe-18-hans-gert-kierdorf-detail-3-figur-mit-blumenstrauss-und-pappnase-foto-m-markolwitz-400x600.jpg 400w, https:\/\/echt-koeln.de\/wp-content\/uploads\/2022\/10\/ausser-der-reihe-18-hans-gert-kierdorf-detail-3-figur-mit-blumenstrauss-und-pappnase-foto-m-markolwitz-100x150.jpg 100w, https:\/\/echt-koeln.de\/wp-content\/uploads\/2022\/10\/ausser-der-reihe-18-hans-gert-kierdorf-detail-3-figur-mit-blumenstrauss-und-pappnase-foto-m-markolwitz-768x1152.jpg 768w, https:\/\/echt-koeln.de\/wp-content\/uploads\/2022\/10\/ausser-der-reihe-18-hans-gert-kierdorf-detail-3-figur-mit-blumenstrauss-und-pappnase-foto-m-markolwitz-1024x1536.jpg 1024w, https:\/\/echt-koeln.de\/wp-content\/uploads\/2022\/10\/ausser-der-reihe-18-hans-gert-kierdorf-detail-3-figur-mit-blumenstrauss-und-pappnase-foto-m-markolwitz-600x900.jpg 600w, https:\/\/echt-koeln.de\/wp-content\/uploads\/2022\/10\/ausser-der-reihe-18-hans-gert-kierdorf-detail-3-figur-mit-blumenstrauss-und-pappnase-foto-m-markolwitz.jpg 1365w\" sizes=\"auto, (max-width: 683px) 100vw, 683px\" \/><\/figure>\n\n\n\n<figure class=\"wp-block-image size-large\"><img loading=\"lazy\" decoding=\"async\" width=\"1024\" height=\"768\" data-id=\"21243\" src=\"https:\/\/echt-koeln.de\/wp-content\/uploads\/2024\/09\/3-img-1166-1024x768.jpg\" alt=\"\" class=\"wp-image-21243\" srcset=\"https:\/\/echt-koeln.de\/wp-content\/uploads\/2024\/09\/3-img-1166-1024x768.jpg 1024w, https:\/\/echt-koeln.de\/wp-content\/uploads\/2024\/09\/3-img-1166-600x450.jpg 600w, https:\/\/echt-koeln.de\/wp-content\/uploads\/2024\/09\/3-img-1166-150x113.jpg 150w, https:\/\/echt-koeln.de\/wp-content\/uploads\/2024\/09\/3-img-1166-768x576.jpg 768w, https:\/\/echt-koeln.de\/wp-content\/uploads\/2024\/09\/3-img-1166-50x38.jpg 50w, https:\/\/echt-koeln.de\/wp-content\/uploads\/2024\/09\/3-img-1166-1600x1200.jpg 1600w, https:\/\/echt-koeln.de\/wp-content\/uploads\/2024\/09\/3-img-1166-1536x1152.jpg 1536w, https:\/\/echt-koeln.de\/wp-content\/uploads\/2024\/09\/3-img-1166-800x600.jpg 800w, https:\/\/echt-koeln.de\/wp-content\/uploads\/2024\/09\/3-img-1166.jpg 2048w\" sizes=\"auto, (max-width: 1024px) 100vw, 1024px\" \/><\/figure>\n<\/figure>\n\n\n\n<div style=\"height:2rem\" aria-hidden=\"true\" class=\"wp-block-spacer\"><\/div>\n\n\n\n<h2 class=\"gb-headline gb-headline-684cfa8e gb-headline-text\">Visitas individuales a la ciudad para tu grupo<\/h2>\n\n\n\n<p>Como gu\u00eda de la ciudad experimentada y aut\u00e9ntica nativa de Colonia, te ofrezco tours personalizados y adaptados a tu grupo. Ya sea el casco hist\u00f3rico hist\u00f3rico, las emocionantes perspectivas sobre la Colonia romana, una visita a la catedral de Colonia o una visita a los modernos lugares de arte urbano, tus deseos e intereses son el centro de atenci\u00f3n. <\/p>\n\n\n\n<div style=\"height:2rem\" aria-hidden=\"true\" class=\"wp-block-spacer\"><\/div>\n\n\n\n<div class=\"wp-block-cover alignwide is-light\"><span aria-hidden=\"true\" class=\"wp-block-cover__background has-background-dim-100 has-background-dim\" style=\"background-color:#d9e1d2\"><\/span><div class=\"wp-block-cover__inner-container is-layout-constrained wp-block-cover-is-layout-constrained\">\n<h2 class=\"gb-headline gb-headline-6e7552d8 gb-headline-text\">\u00bfQu\u00e9 puedes esperar de una visita guiada privada?<\/h2>\n\n\n\n<ul class=\"wp-block-list\">\n<li><strong>Exclusividad:<\/strong> Tu grupo, tu excursi\u00f3n &#8211; sin extra\u00f1os, s\u00f3lo una experiencia personalizada.<\/li>\n\n\n\n<li><strong>Flexibilidad:<\/strong> El punto de inicio y final, la duraci\u00f3n y los temas pueden personalizarse.<\/li>\n\n\n\n<li><strong>Autenticidad:<\/strong> Historias emocionantes, consejos locales y mucho humor: as\u00ed es como Colonia cobra vida.<\/li>\n\n\n\n<li><strong>Variedad de temas:<\/strong> Desde recorridos hist\u00f3ricos hasta modernos recorridos de aventura, tengo la oferta adecuada para cada grupo.<\/li>\n<\/ul>\n<\/div><\/div>\n\n\n\n<div style=\"height:32px\" aria-hidden=\"true\" class=\"wp-block-spacer\"><\/div>\n\n\n<div class=\"gb-container gb-container-88671a23\">\n\n<div class=\"wp-block-ultimate-post-button-group ultp-block-4e6fc6\"><div class=\"ultp-button-wrapper ultp-button-frontend ultp-anim-none\">\n<a class=\"wp-block-ultimate-post-button ultp-block-2ccf75 ultp-button-layout1\" href=\"https:\/\/echt-koeln.de\/kontakt\/\" target=\"_self\" rel=\"noopener\"><div class=\"ultp-btnIcon-wrap\"><svg xmlns=\"http:\/\/www.w3.org\/2000\/svg\" viewBox=\"0 0 48 48\"><g><path d=\"M24 4.1A19.9 19.9 0 1 1 4.1 24 19.922 19.922 0 0 1 24 4.1M24 0a24 24 0 1 0 24 24A24 24 0 0 0 24 0\"><\/path><path stroke=\"rgba(0,0,0,0)\" stroke-miterlimit=\"10\" d=\"M22.551 34.324a2.048 2.048 0 0 1 0-2.9l5.376-5.377H15.125a2.05 2.05 0 0 1 0-4.1h12.8l-5.374-5.373a2.05 2.05 0 1 1 2.9-2.9l8.845 8.843.063.062 1.416 1.42-1.422 1.422-.055.055-8.849 8.848a2.047 2.047 0 0 1-2.9 0Z\"><\/path><\/g><\/svg><\/div><div class=\"ultp-button-text\">Jetzt Gruppenf\u00fchrung anfragen <\/div><\/a>\n\n\n\n<a class=\"wp-block-ultimate-post-button ultp-block-7b4ada ultp-button-layout1\" href=\"tel: 02234 6 999 722\" target=\"_self\" rel=\"noopener\"><div class=\"ultp-btnIcon-wrap\"><svg xmlns=\"http:\/\/www.w3.org\/2000\/svg\" viewBox=\"0 0 27.8 29.5\"><path d=\"M27.7 26.7c-1.3-6.5-7-11.3-13.8-11.3S1.3 20.3 0 26.7c-.3 1.4.9 2.8 2.3 2.8h23c1.6 0 2.7-1.3 2.4-2.8z\"><\/path><circle cx=\"13.9\" cy=\"6.4\" r=\"6.4\"><\/circle><\/svg><\/div><div class=\"ultp-button-text\">Telefonisch anfragen<\/div><\/a>\n<\/div><\/div>\n\n\n\n<div style=\"height:16px\" aria-hidden=\"true\" class=\"wp-block-spacer\"><\/div>\n\n<\/div>\n\n\n<h2 class=\"gb-headline gb-headline-e9c92174 gb-headline-text\">Aqu\u00ed tienes nuestras visitas guiadas:<\/h2>\n\n\n<div  class=\"ultp-post-grid-block wp-block-ultimate-post-post-grid-1 ultp-block-1cff1e\"><div class=\"ultp-block-wrapper\"><div class=\"ultp-loading\"><div class=\"ultp-loading-blocks\" style=\"width:100%;height:100%;\"><div style=\"left: 0;top: 0;animation-delay:0s;\"><\/div><div style=\"left: 21px;top: 0;animation-delay:0.125s;\"><\/div><div style=\"left: 42px;top: 0;animation-delay:0.25s;\"><\/div><div style=\"left: 0;top: 21px;animation-delay:0.875s;\"><\/div><div style=\"left: 42px;top: 21px;animation-delay:0.375s;\"><\/div><div style=\"left: 0;top: 42px;animation-delay:0.75s;\"><\/div><div style=\"left: 42px;top: 42px;animation-delay:0.625s;\"><\/div><div style=\"left: 21px;top: 42px;animation-delay:0.5s;\"><\/div><\/div><\/div><div class=\"ultp-block-items-wrap ultp-block-row ultp-pg1a-style1 ultp-grid1-responsive ultp-block-column-3 1 1 ultp-layout1\"><div class=\"ultp-block-item post-id-25031\"><div class=\"ultp-block-content-wrap\"><div class=\"ultp-block-image ultp-block-image-zoomIn\"><a href=\"https:\/\/echt-koeln.de\/es\/touren\/lo-mejor-de-colonia\/\" ><img decoding=\"async\"  class=\"ultp-block-image-content\"  alt=\"Lo mejor de Colonia\"  src=\"https:\/\/echt-koeln.de\/wp-content\/uploads\/2021\/05\/img-4819-3-800x600.jpg\" \/><\/a><\/div><div class=\"ultp-block-content\"><h3 class=\"ultp-block-title \"><a href=\"https:\/\/echt-koeln.de\/es\/touren\/lo-mejor-de-colonia\/\" >Lo mejor de Colonia<\/a><\/h3><div class=\"ultp-block-excerpt\"><p>Visita guiada a Colonia a los lugares m\u00e1s destacados de&hellip;<\/p>\n<\/div><div class=\"ultp-block-readmore\"><a aria-label=\"Lo mejor de Colonia\" href=\"https:\/\/echt-koeln.de\/es\/touren\/lo-mejor-de-colonia\/\" >mehr erfahren<\/a><\/div><\/div><\/div><\/div><div class=\"ultp-block-item post-id-25074\"><div class=\"ultp-block-content-wrap\"><div class=\"ultp-block-image ultp-block-image-zoomIn\"><a href=\"https:\/\/echt-koeln.de\/es\/touren\/visita-guiada-al-casco-antiguo-de-colonia-con-visita-a-la-cerveceria\/\" ><img decoding=\"async\"  class=\"ultp-block-image-content\"  alt=\"Visita guiada al casco antiguo de Colonia con visita a la cervecer\u00eda\"  src=\"https:\/\/echt-koeln.de\/wp-content\/uploads\/2022\/01\/img-5217-800x600.jpg\" \/><\/a><\/div><div class=\"ultp-block-content\"><h3 class=\"ultp-block-title \"><a href=\"https:\/\/echt-koeln.de\/es\/touren\/visita-guiada-al-casco-antiguo-de-colonia-con-visita-a-la-cerveceria\/\" >Visita guiada al casco antiguo de Colonia con visita a la cervecer\u00eda<\/a><\/h3><div class=\"ultp-block-excerpt\"><p>Tour del casco antiguo de Colonia: historia, cervecer\u00edas y tradiciones&hellip;<\/p>\n<\/div><div class=\"ultp-block-readmore\"><a aria-label=\"Visita guiada al casco antiguo de Colonia con visita a la cervecer\u00eda\" href=\"https:\/\/echt-koeln.de\/es\/touren\/visita-guiada-al-casco-antiguo-de-colonia-con-visita-a-la-cerveceria\/\" >mehr erfahren<\/a><\/div><\/div><\/div><\/div><div class=\"ultp-block-item post-id-25037\"><div class=\"ultp-block-content-wrap\"><div class=\"ultp-block-image ultp-block-image-zoomIn\"><a href=\"https:\/\/echt-koeln.de\/es\/touren\/visita-guiada-de-arte-urbano-a-ehrenfeld\/\" ><img decoding=\"async\"  class=\"ultp-block-image-content\"  alt=\"Visita guiada de arte urbano a Ehrenfeld\"  src=\"https:\/\/echt-koeln.de\/wp-content\/uploads\/2022\/05\/img-5937-800x600.jpg\" \/><\/a><\/div><div class=\"ultp-block-content\"><h3 class=\"ultp-block-title \"><a href=\"https:\/\/echt-koeln.de\/es\/touren\/visita-guiada-de-arte-urbano-a-ehrenfeld\/\" >Visita guiada de arte urbano a Ehrenfeld<\/a><\/h3><div class=\"ultp-block-excerpt\"><p>Ehrenfeld: De pueblo a para\u00edso del arte urbano Hace 200&hellip;<\/p>\n<\/div><div class=\"ultp-block-readmore\"><a aria-label=\"Visita guiada de arte urbano a Ehrenfeld\" href=\"https:\/\/echt-koeln.de\/es\/touren\/visita-guiada-de-arte-urbano-a-ehrenfeld\/\" >mehr erfahren<\/a><\/div><\/div><\/div><\/div><div class=\"ultp-block-item post-id-25050\"><div class=\"ultp-block-content-wrap\"><div class=\"ultp-block-image ultp-block-image-zoomIn\"><a href=\"https:\/\/echt-koeln.de\/es\/touren\/lo-mejor-de-colonia-2\/\" ><img decoding=\"async\"  class=\"ultp-block-image-content\"  alt=\"Lo mejor de Colonia\"  src=\"https:\/\/echt-koeln.de\/wp-content\/uploads\/2020\/09\/rheinpanorama-800x600.jpg\" \/><\/a><\/div><div class=\"ultp-block-content\"><h3 class=\"ultp-block-title \"><a href=\"https:\/\/echt-koeln.de\/es\/touren\/lo-mejor-de-colonia-2\/\" >Lo mejor de Colonia<\/a><\/h3><div class=\"ultp-block-excerpt\"><p>Colonia no es solo la catedral, Colonia tambi\u00e9n es el&hellip;<\/p>\n<\/div><div class=\"ultp-block-readmore\"><a aria-label=\"Lo mejor de Colonia\" href=\"https:\/\/echt-koeln.de\/es\/touren\/lo-mejor-de-colonia-2\/\" >mehr erfahren<\/a><\/div><\/div><\/div><\/div><\/div><\/div><div class=\"pagination-block-html\" aria-hidden=\"true\" style=\"display: none;\"><\/div><\/div>\n<\/div><\/div>\n<div class=\"wp-block-columns alignwide has-background is-layout-flex wp-container-core-columns-is-layout-9d6595d7 wp-block-columns-is-layout-flex\" style=\"background-color:#689869\">\n<div class=\"wp-block-column is-layout-flow wp-block-column-is-layout-flow\" style=\"flex-basis:33.33%\">\n<figure class=\"wp-block-image size-large\"><img loading=\"lazy\" decoding=\"async\" width=\"768\" height=\"1024\" src=\"https:\/\/echt-koeln.de\/wp-content\/uploads\/2022\/07\/6e0e2428-cf2e-4afa-a1fd-3464d5af5f63-768x1024.jpg\" alt=\"\" class=\"wp-image-20882\" srcset=\"https:\/\/echt-koeln.de\/wp-content\/uploads\/2022\/07\/6e0e2428-cf2e-4afa-a1fd-3464d5af5f63-768x1024.jpg 768w, https:\/\/echt-koeln.de\/wp-content\/uploads\/2022\/07\/6e0e2428-cf2e-4afa-a1fd-3464d5af5f63-450x600.jpg 450w, https:\/\/echt-koeln.de\/wp-content\/uploads\/2022\/07\/6e0e2428-cf2e-4afa-a1fd-3464d5af5f63-113x150.jpg 113w, https:\/\/echt-koeln.de\/wp-content\/uploads\/2022\/07\/6e0e2428-cf2e-4afa-a1fd-3464d5af5f63-1152x1536.jpg 1152w, https:\/\/echt-koeln.de\/wp-content\/uploads\/2022\/07\/6e0e2428-cf2e-4afa-a1fd-3464d5af5f63.jpg 1200w\" sizes=\"auto, (max-width: 768px) 100vw, 768px\" \/><\/figure>\n<\/div>\n\n\n\n<div class=\"wp-block-column is-vertically-aligned-center is-layout-flow wp-block-column-is-layout-flow\" style=\"flex-basis:66.66%\">\n<blockquote class=\"wp-block-quote is-layout-flow wp-block-quote-is-layout-flow\">\n<p class=\"has-base-3-color has-text-color has-link-color wp-elements-aec96227da214127be1c7ba714b44af0\">\u00abT\u00fa decides ad\u00f3nde te lleva el viaje; yo te proporcionar\u00e9 las historias y an\u00e9cdotas adecuadas, \u00a1y mucho encanto de Colonia!\u00bb. &#8211; Atentamente, Markus Zens<\/p>\n<\/blockquote>\n<\/div>\n\n\n\n<div class=\"wp-block-column is-layout-flow wp-block-column-is-layout-flow\" style=\"flex-basis:10px\"><\/div>\n<\/div>\n","protected":false},"excerpt":{"rendered":"<p>Haced juntos un viaje especial a Colonia.<\/p>\n","protected":false},"author":1,"featured_media":24429,"parent":24927,"menu_order":129,"comment_status":"closed","ping_status":"closed","template":"","meta":{"footnotes":""},"class_list":["post-24848","page","type-page","status-publish","has-post-thumbnail"],"yoast_head":"<!-- This site is optimized with the Yoast SEO plugin v27.5 - https:\/\/yoast.com\/product\/yoast-seo-wordpress\/ -->\n<title>En grupo durante un d\u00eda en Colonia - echt K\u00f6ln Stadtf\u00fchrungen<\/title>\n<meta name=\"robots\" content=\"index, follow, max-snippet:-1, max-image-preview:large, max-video-preview:-1\" \/>\n<link rel=\"canonical\" href=\"https:\/\/echt-koeln.de\/es\/tours\/en-grupo-durante-un-dia-en-colonia\/\" \/>\n<meta property=\"og:locale\" content=\"es_ES\" \/>\n<meta property=\"og:type\" content=\"article\" \/>\n<meta property=\"og:title\" content=\"En grupo durante un d\u00eda en Colonia - echt K\u00f6ln Stadtf\u00fchrungen\" \/>\n<meta property=\"og:description\" content=\"Haced juntos un viaje especial a Colonia.\" \/>\n<meta property=\"og:url\" content=\"https:\/\/echt-koeln.de\/es\/tours\/en-grupo-durante-un-dia-en-colonia\/\" \/>\n<meta property=\"og:site_name\" content=\"echt K\u00f6ln Stadtf\u00fchrungen\" \/>\n<meta property=\"article:modified_time\" content=\"2025-11-17T14:22:27+00:00\" \/>\n<meta property=\"og:image\" content=\"https:\/\/echt-koeln.de\/wp-content\/uploads\/2021\/03\/anneb2.jpg\" \/>\n\t<meta property=\"og:image:width\" content=\"1280\" \/>\n\t<meta property=\"og:image:height\" content=\"853\" \/>\n\t<meta property=\"og:image:type\" content=\"image\/jpeg\" \/>\n<meta name=\"twitter:card\" content=\"summary_large_image\" \/>\n<meta name=\"twitter:label1\" content=\"Tiempo de lectura\" \/>\n\t<meta name=\"twitter:data1\" content=\"1 minuto\" \/>\n<script type=\"application\/ld+json\" class=\"yoast-schema-graph\">{\"@context\":\"https:\\\/\\\/schema.org\",\"@graph\":[{\"@type\":\"WebPage\",\"@id\":\"https:\\\/\\\/echt-koeln.de\\\/es\\\/tours\\\/en-grupo-durante-un-dia-en-colonia\\\/\",\"url\":\"https:\\\/\\\/echt-koeln.de\\\/es\\\/tours\\\/en-grupo-durante-un-dia-en-colonia\\\/\",\"name\":\"En grupo durante un d\u00eda en Colonia - echt K\u00f6ln Stadtf\u00fchrungen\",\"isPartOf\":{\"@id\":\"https:\\\/\\\/echt-koeln.de\\\/es\\\/#website\"},\"primaryImageOfPage\":{\"@id\":\"https:\\\/\\\/echt-koeln.de\\\/es\\\/tours\\\/en-grupo-durante-un-dia-en-colonia\\\/#primaryimage\"},\"image\":{\"@id\":\"https:\\\/\\\/echt-koeln.de\\\/es\\\/tours\\\/en-grupo-durante-un-dia-en-colonia\\\/#primaryimage\"},\"thumbnailUrl\":\"https:\\\/\\\/echt-koeln.de\\\/wp-content\\\/uploads\\\/2021\\\/03\\\/anneb2.jpg\",\"datePublished\":\"2020-09-29T08:03:57+00:00\",\"dateModified\":\"2025-11-17T14:22:27+00:00\",\"breadcrumb\":{\"@id\":\"https:\\\/\\\/echt-koeln.de\\\/es\\\/tours\\\/en-grupo-durante-un-dia-en-colonia\\\/#breadcrumb\"},\"inLanguage\":\"es\",\"potentialAction\":[{\"@type\":\"ReadAction\",\"target\":[\"https:\\\/\\\/echt-koeln.de\\\/es\\\/tours\\\/en-grupo-durante-un-dia-en-colonia\\\/\"]}]},{\"@type\":\"ImageObject\",\"inLanguage\":\"es\",\"@id\":\"https:\\\/\\\/echt-koeln.de\\\/es\\\/tours\\\/en-grupo-durante-un-dia-en-colonia\\\/#primaryimage\",\"url\":\"https:\\\/\\\/echt-koeln.de\\\/wp-content\\\/uploads\\\/2021\\\/03\\\/anneb2.jpg\",\"contentUrl\":\"https:\\\/\\\/echt-koeln.de\\\/wp-content\\\/uploads\\\/2021\\\/03\\\/anneb2.jpg\",\"width\":1280,\"height\":853},{\"@type\":\"BreadcrumbList\",\"@id\":\"https:\\\/\\\/echt-koeln.de\\\/es\\\/tours\\\/en-grupo-durante-un-dia-en-colonia\\\/#breadcrumb\",\"itemListElement\":[{\"@type\":\"ListItem\",\"position\":1,\"name\":\"Startseite\",\"item\":\"https:\\\/\\\/echt-koeln.de\\\/es\\\/\"},{\"@type\":\"ListItem\",\"position\":2,\"name\":\"Tours\",\"item\":\"https:\\\/\\\/echt-koeln.de\\\/es\\\/tours\\\/\"},{\"@type\":\"ListItem\",\"position\":3,\"name\":\"En grupo durante un d\u00eda en Colonia\"}]},{\"@type\":\"WebSite\",\"@id\":\"https:\\\/\\\/echt-koeln.de\\\/es\\\/#website\",\"url\":\"https:\\\/\\\/echt-koeln.de\\\/es\\\/\",\"name\":\"echt K\u00f6ln\",\"description\":\"Begegnungen mit einer ganz besonderen Stadt\",\"publisher\":{\"@id\":\"https:\\\/\\\/echt-koeln.de\\\/es\\\/#\\\/schema\\\/person\\\/fafc759c78f6aa21c8fe344f16d37d07\"},\"potentialAction\":[{\"@type\":\"SearchAction\",\"target\":{\"@type\":\"EntryPoint\",\"urlTemplate\":\"https:\\\/\\\/echt-koeln.de\\\/es\\\/?s={search_term_string}\"},\"query-input\":{\"@type\":\"PropertyValueSpecification\",\"valueRequired\":true,\"valueName\":\"search_term_string\"}}],\"inLanguage\":\"es\"},{\"@type\":[\"Person\",\"Organization\"],\"@id\":\"https:\\\/\\\/echt-koeln.de\\\/es\\\/#\\\/schema\\\/person\\\/fafc759c78f6aa21c8fe344f16d37d07\",\"name\":\"Markus Zens\",\"image\":{\"@type\":\"ImageObject\",\"inLanguage\":\"es\",\"@id\":\"https:\\\/\\\/echt-koeln.de\\\/wp-content\\\/uploads\\\/2020\\\/09\\\/cropped-echt_koeln_logo_klein.jpg\",\"url\":\"https:\\\/\\\/echt-koeln.de\\\/wp-content\\\/uploads\\\/2020\\\/09\\\/cropped-echt_koeln_logo_klein.jpg\",\"contentUrl\":\"https:\\\/\\\/echt-koeln.de\\\/wp-content\\\/uploads\\\/2020\\\/09\\\/cropped-echt_koeln_logo_klein.jpg\",\"width\":2000,\"height\":400,\"caption\":\"Markus Zens\"},\"logo\":{\"@id\":\"https:\\\/\\\/echt-koeln.de\\\/wp-content\\\/uploads\\\/2020\\\/09\\\/cropped-echt_koeln_logo_klein.jpg\"}}]}<\/script>\n<!-- \/ Yoast SEO plugin. -->","yoast_head_json":{"title":"En grupo durante un d\u00eda en Colonia - echt K\u00f6ln Stadtf\u00fchrungen","robots":{"index":"index","follow":"follow","max-snippet":"max-snippet:-1","max-image-preview":"max-image-preview:large","max-video-preview":"max-video-preview:-1"},"canonical":"https:\/\/echt-koeln.de\/es\/tours\/en-grupo-durante-un-dia-en-colonia\/","og_locale":"es_ES","og_type":"article","og_title":"En grupo durante un d\u00eda en Colonia - echt K\u00f6ln Stadtf\u00fchrungen","og_description":"Haced juntos un viaje especial a Colonia.","og_url":"https:\/\/echt-koeln.de\/es\/tours\/en-grupo-durante-un-dia-en-colonia\/","og_site_name":"echt K\u00f6ln Stadtf\u00fchrungen","article_modified_time":"2025-11-17T14:22:27+00:00","og_image":[{"width":1280,"height":853,"url":"https:\/\/echt-koeln.de\/wp-content\/uploads\/2021\/03\/anneb2.jpg","type":"image\/jpeg"}],"twitter_card":"summary_large_image","twitter_misc":{"Tiempo de lectura":"1 minuto"},"schema":{"@context":"https:\/\/schema.org","@graph":[{"@type":"WebPage","@id":"https:\/\/echt-koeln.de\/es\/tours\/en-grupo-durante-un-dia-en-colonia\/","url":"https:\/\/echt-koeln.de\/es\/tours\/en-grupo-durante-un-dia-en-colonia\/","name":"En grupo durante un d\u00eda en Colonia - echt K\u00f6ln Stadtf\u00fchrungen","isPartOf":{"@id":"https:\/\/echt-koeln.de\/es\/#website"},"primaryImageOfPage":{"@id":"https:\/\/echt-koeln.de\/es\/tours\/en-grupo-durante-un-dia-en-colonia\/#primaryimage"},"image":{"@id":"https:\/\/echt-koeln.de\/es\/tours\/en-grupo-durante-un-dia-en-colonia\/#primaryimage"},"thumbnailUrl":"https:\/\/echt-koeln.de\/wp-content\/uploads\/2021\/03\/anneb2.jpg","datePublished":"2020-09-29T08:03:57+00:00","dateModified":"2025-11-17T14:22:27+00:00","breadcrumb":{"@id":"https:\/\/echt-koeln.de\/es\/tours\/en-grupo-durante-un-dia-en-colonia\/#breadcrumb"},"inLanguage":"es","potentialAction":[{"@type":"ReadAction","target":["https:\/\/echt-koeln.de\/es\/tours\/en-grupo-durante-un-dia-en-colonia\/"]}]},{"@type":"ImageObject","inLanguage":"es","@id":"https:\/\/echt-koeln.de\/es\/tours\/en-grupo-durante-un-dia-en-colonia\/#primaryimage","url":"https:\/\/echt-koeln.de\/wp-content\/uploads\/2021\/03\/anneb2.jpg","contentUrl":"https:\/\/echt-koeln.de\/wp-content\/uploads\/2021\/03\/anneb2.jpg","width":1280,"height":853},{"@type":"BreadcrumbList","@id":"https:\/\/echt-koeln.de\/es\/tours\/en-grupo-durante-un-dia-en-colonia\/#breadcrumb","itemListElement":[{"@type":"ListItem","position":1,"name":"Startseite","item":"https:\/\/echt-koeln.de\/es\/"},{"@type":"ListItem","position":2,"name":"Tours","item":"https:\/\/echt-koeln.de\/es\/tours\/"},{"@type":"ListItem","position":3,"name":"En grupo durante un d\u00eda en Colonia"}]},{"@type":"WebSite","@id":"https:\/\/echt-koeln.de\/es\/#website","url":"https:\/\/echt-koeln.de\/es\/","name":"echt K\u00f6ln","description":"Begegnungen mit einer ganz besonderen Stadt","publisher":{"@id":"https:\/\/echt-koeln.de\/es\/#\/schema\/person\/fafc759c78f6aa21c8fe344f16d37d07"},"potentialAction":[{"@type":"SearchAction","target":{"@type":"EntryPoint","urlTemplate":"https:\/\/echt-koeln.de\/es\/?s={search_term_string}"},"query-input":{"@type":"PropertyValueSpecification","valueRequired":true,"valueName":"search_term_string"}}],"inLanguage":"es"},{"@type":["Person","Organization"],"@id":"https:\/\/echt-koeln.de\/es\/#\/schema\/person\/fafc759c78f6aa21c8fe344f16d37d07","name":"Markus Zens","image":{"@type":"ImageObject","inLanguage":"es","@id":"https:\/\/echt-koeln.de\/wp-content\/uploads\/2020\/09\/cropped-echt_koeln_logo_klein.jpg","url":"https:\/\/echt-koeln.de\/wp-content\/uploads\/2020\/09\/cropped-echt_koeln_logo_klein.jpg","contentUrl":"https:\/\/echt-koeln.de\/wp-content\/uploads\/2020\/09\/cropped-echt_koeln_logo_klein.jpg","width":2000,"height":400,"caption":"Markus Zens"},"logo":{"@id":"https:\/\/echt-koeln.de\/wp-content\/uploads\/2020\/09\/cropped-echt_koeln_logo_klein.jpg"}}]}},"_links":{"self":[{"href":"https:\/\/echt-koeln.de\/es\/wp-json\/wp\/v2\/pages\/24848","targetHints":{"allow":["GET"]}}],"collection":[{"href":"https:\/\/echt-koeln.de\/es\/wp-json\/wp\/v2\/pages"}],"about":[{"href":"https:\/\/echt-koeln.de\/es\/wp-json\/wp\/v2\/types\/page"}],"author":[{"embeddable":true,"href":"https:\/\/echt-koeln.de\/es\/wp-json\/wp\/v2\/users\/1"}],"replies":[{"embeddable":true,"href":"https:\/\/echt-koeln.de\/es\/wp-json\/wp\/v2\/comments?post=24848"}],"version-history":[{"count":3,"href":"https:\/\/echt-koeln.de\/es\/wp-json\/wp\/v2\/pages\/24848\/revisions"}],"predecessor-version":[{"id":24874,"href":"https:\/\/echt-koeln.de\/es\/wp-json\/wp\/v2\/pages\/24848\/revisions\/24874"}],"up":[{"embeddable":true,"href":"https:\/\/echt-koeln.de\/es\/wp-json\/wp\/v2\/pages\/24927"}],"wp:featuredmedia":[{"embeddable":true,"href":"https:\/\/echt-koeln.de\/es\/wp-json\/wp\/v2\/media\/24429"}],"wp:attachment":[{"href":"https:\/\/echt-koeln.de\/es\/wp-json\/wp\/v2\/media?parent=24848"}],"curies":[{"name":"wp","href":"https:\/\/api.w.org\/{rel}","templated":true}]}}