{"id":25093,"date":"2020-09-17T11:41:04","date_gmt":"2020-09-17T09:41:04","guid":{"rendered":"https:\/\/echt-koeln.de\/datenschutz\/"},"modified":"2020-09-17T11:41:04","modified_gmt":"2020-09-17T09:41:04","slug":"datenschutz","status":"publish","type":"page","link":"https:\/\/echt-koeln.de\/en\/datenschutz\/","title":{"rendered":"Datenschutzerkl\u00e4rung"},"content":{"rendered":"\n<h3 class=\"gb-headline gb-headline-6733c9e1 gb-headline-text\">DATENSCHUTZ AUF EINEN BLICK<\/h3>\n\n\n\n<p><strong>Allgemeine Hinweise<\/strong><\/p>\n\n\n\n<p>Die folgenden Hinweise geben einen einfachen \u00dcberblick dar\u00fcber, was mit Ihren personenbezogenen Daten passiert, wenn Sie unsere Website besuchen. Personenbezogene Daten sind alle Daten, mit denen Sie pers\u00f6nlich identifiziert werden k\u00f6nnen. Ausf\u00fchrliche Informationen zum Thema Datenschutz entnehmen Sie unserer unter diesem Text aufgef\u00fchrten Datenschutzerkl\u00e4rung.<\/p>\n\n\n\n<p><strong>Datenerfassung auf unserer Website<\/strong><\/p>\n\n\n\n<p><strong>Wer ist verantwortlich f\u00fcr die Datenerfassung auf dieser Website?<\/strong><\/p>\n\n\n\n<p>Die Datenverarbeitung auf dieser Website erfolgt durch den Websitebetreiber. Dessen Kontaktdaten k\u00f6nnen Sie dem Impressum dieser Website entnehmen.<\/p>\n\n\n\n<p><strong>Wie erfassen wir Ihre Daten?<\/strong><\/p>\n\n\n\n<p>Ihre Daten werden zum einen dadurch erhoben, dass Sie uns diese mitteilen. Hierbei kann es sich z.B. um Daten handeln, die Sie in ein Kontaktformular eingeben.<\/p>\n\n\n\n<p>Andere Daten werden automatisch beim Besuch der Website durch unsere IT-Systeme erfasst. Das sind vor allem technische Daten (z.B. Internetbrowser, Betriebssystem oder Uhrzeit des Seitenaufrufs). Die Erfassung dieser Daten erfolgt automatisch, sobald Sie unsere Website betreten.<\/p>\n\n\n\n<p><strong>Wof\u00fcr nutzen wir Ihre Daten?<\/strong><\/p>\n\n\n\n<p>Ein Teil der Daten wird erhoben, um eine fehlerfreie Bereitstellung der Website zu gew\u00e4hrleisten. Andere Daten k\u00f6nnen zur Analyse Ihres Nutzerverhaltens verwendet werden.<\/p>\n\n\n\n<p><strong>Welche Rechte haben Sie bez\u00fcglich Ihrer Daten?<\/strong><\/p>\n\n\n\n<p>Sie haben jederzeit das Recht unentgeltlich Auskunft \u00fcber Herkunft, Empf\u00e4nger und Zweck Ihrer gespeicherten personenbezogenen Daten zu erhalten. Sie haben au\u00dferdem ein Recht, die Berichtigung, Sperrung oder L\u00f6schung dieser Daten zu verlangen. Hierzu sowie zu weiteren Fragen zum Thema Datenschutz k\u00f6nnen Sie sich jederzeit unter der im Impressum angegebenen Adresse an uns wenden. Des Weiteren steht Ihnen ein Beschwerderecht bei der zust\u00e4ndigen Aufsichtsbeh\u00f6rde zu.<\/p>\n\n\n\n<p><\/p>\n\n\n\n<p>Sie k\u00f6nnen dieser Analyse widersprechen. \u00dcber die Widerspruchsm\u00f6glichkeiten werden wir Sie in dieser Datenschutzerkl\u00e4rung informieren.<\/p>\n\n\n\n<h3 class=\"gb-headline gb-headline-aa494758 gb-headline-text\">ALLGEMEINE HINWEISE UND PFLICHTINFORMATIONEN<\/h3>\n\n\n\n<p><strong>Datenschutz<\/strong><\/p>\n\n\n\n<p>Die Betreiber dieser Seiten nehmen den Schutz Ihrer pers\u00f6nlichen Daten sehr ernst. Wir behandeln Ihre personenbezogenen Daten vertraulich und entsprechend der gesetzlichen Datenschutzvorschriften sowie dieser Datenschutzerkl\u00e4rung.<\/p>\n\n\n\n<p>Wenn Sie diese Website benutzen, werden verschiedene personenbezogene Daten erhoben. Personenbezogene Daten sind Daten, mit denen Sie pers\u00f6nlich identifiziert werden k\u00f6nnen. Die vorliegende Datenschutzerkl\u00e4rung erl\u00e4utert, welche Daten wir erheben und wof\u00fcr wir sie nutzen. Sie erl\u00e4utert auch, wie und zu welchem Zweck das geschieht.<\/p>\n\n\n\n<p>Wir weisen darauf hin, dass die Daten\u00fcbertragung im Internet (z.B. bei der Kommunikation per E-Mail) Sicherheitsl\u00fccken aufweisen kann. Ein l\u00fcckenloser Schutz der Daten vor dem Zugriff durch Dritte ist nicht m\u00f6glich.<\/p>\n\n\n\n<p><strong>Hinweis zur verantwortlichen Stelle<\/strong><\/p>\n\n\n\n<p>Die verantwortliche Stelle f\u00fcr die Datenverarbeitung auf dieser Website ist:<\/p>\n\n\n\n<p>Echt K\u00f6ln<br>Stadtf\u00fchrungen<br>Markus Zens<br>Steinzeugstra\u00dfe 15<br>50226 Frechen<\/p>\n\n\n\n<p>Tel. (02234) 6 999 722<a href=\"&#109;&#x61;i&#x6c;t&#111;&#x3a;&#107;&#x6f;n&#116;&#x61;&#107;&#x74;&#64;&#x65;&#x63;&#104;&#x74;-&#x6b;o&#101;&#x6c;&#110;&#x2e;d&#101;\"><br>&#x6b;&#x6f;&#x6e;&#x74;&#97;&#107;t&#64;e&#x63;&#x68;&#x74;&#x2d;&#107;&#111;eln&#x2e;&#x64;&#x65;<\/a><\/p>\n\n\n\n<p>Verantwortliche Stelle ist die nat\u00fcrliche oder juristische Person, die allein oder gemeinsam mit anderen \u00fcber die Zwecke und Mittel der Verarbeitung von personenbezogenen Daten (z.B. Namen, E-Mail-Adressen o. \u00c4.) entscheidet.<\/p>\n\n\n\n<p><strong>Widerruf Ihrer Einwilligung zur Datenverarbeitung<\/strong><\/p>\n\n\n\n<p>Viele Datenverarbeitungsvorg\u00e4nge sind nur mit Ihrer ausdr\u00fccklichen Einwilligung m\u00f6glich. Sie k\u00f6nnen eine bereits erteilte Einwilligung jederzeit widerrufen. Dazu reicht eine formlose Mitteilung per E-Mail an uns. Die Rechtm\u00e4\u00dfigkeit der bis zum Widerruf erfolgten Datenverarbeitung bleibt vom Widerruf unber\u00fchrt.<\/p>\n\n\n\n<p><strong>Beschwerderecht bei der zust\u00e4ndigen Aufsichtsbeh\u00f6rde<\/strong><\/p>\n\n\n\n<p>Im Falle datenschutzrechtlicher Verst\u00f6\u00dfe steht dem Betroffenen ein Beschwerderecht bei der zust\u00e4ndigen Aufsichtsbeh\u00f6rde zu. Zust\u00e4ndige Aufsichtsbeh\u00f6rde in datenschutzrechtlichen Fragen ist der Landesdatenschutzbeauftragte des Bundeslandes, in dem unser Unternehmen seinen Sitz hat. Eine Liste der Datenschutzbeauftragten sowie deren Kontaktdaten k\u00f6nnen folgendem Link entnommen werden:&nbsp;<a href=\"https:\/\/www.bfdi.bund.de\/DE\/Infothek\/Anschriften_Links\/anschriften_links-node.html\"><em>https:\/\/www.bfdi.bund.de\/DE\/Infothek\/Anschriften_Links\/anschriften_links-node.html<\/em><\/a>.<\/p>\n\n\n\n<p><strong>SSL- bzw. TLS-Verschl\u00fcsselung<\/strong><\/p>\n\n\n\n<p>Diese Seite nutzt aus Sicherheitsgr\u00fcnden und zum Schutz der \u00dcbertragung vertraulicher Inhalte, wie zum Beispiel Bestellungen oder Anfragen, die Sie an uns als Seitenbetreiber senden, eine SSL-bzw. TLS-Verschl\u00fcsselung. Eine verschl\u00fcsselte Verbindung erkennen Sie daran, dass die Adresszeile des Browsers von \u201chttp:\/\/\u201d auf \u201chttps:\/\/\u201d wechselt und an dem Schloss-Symbol in Ihrer Browserzeile.<\/p>\n\n\n\n<p>Wenn die SSL- bzw. TLS-Verschl\u00fcsselung aktiviert ist, k\u00f6nnen die Daten, die Sie an uns \u00fcbermitteln, nicht von Dritten mitgelesen werden.<\/p>\n\n\n\n<p><strong>Auskunft, Sperrung, L\u00f6schung<\/strong><\/p>\n\n\n\n<p>Sie haben im Rahmen der geltenden gesetzlichen Bestimmungen jederzeit das Recht auf unentgeltliche Auskunft \u00fcber Ihre gespeicherten personenbezogenen Daten, deren Herkunft und Empf\u00e4nger und den Zweck der Datenverarbeitung und ggf. ein Recht auf Berichtigung, Sperrung oder L\u00f6schung dieser Daten. Hierzu sowie zu weiteren Fragen zum Thema personenbezogene Daten k\u00f6nnen Sie sich jederzeit unter der im Impressum angegebenen Adresse an uns wenden.<\/p>\n\n\n\n<h3 class=\"gb-headline gb-headline-f808b927 gb-headline-text\">3. DATENERFASSUNG AUF DER WEBSITE<\/h3>\n\n\n\n<p><strong>Cookies<\/strong><\/p>\n\n\n\n<p>Die Internetseiten verwenden teilweise so genannte Cookies. Cookies richten auf Ihrem Rechner keinen Schaden an und enthalten keine Viren. Cookies dienen dazu, unser Angebot nutzerfreundlicher, effektiver und sicherer zu machen. Cookies sind kleine Textdateien, die auf Ihrem Rechner abgelegt werden und die Ihr Browser speichert.<\/p>\n\n\n\n<p>Die meisten der von uns verwendeten Cookies sind so genannte \u201cSession-Cookies\u201d. Sie werden nach Ende Ihres Besuchs automatisch gel\u00f6scht. Andere Cookies bleiben auf Ihrem Endger\u00e4t gespeichert bis Sie diese l\u00f6schen. Diese Cookies erm\u00f6glichen es uns, Ihren Browser beim n\u00e4chsten Besuch wiederzuerkennen.<\/p>\n\n\n\n<p>Sie k\u00f6nnen Ihren Browser so einstellen, dass Sie \u00fcber das Setzen von Cookies informiert werden und Cookies nur im Einzelfall erlauben, die Annahme von Cookies f\u00fcr bestimmte F\u00e4lle oder generell ausschlie\u00dfen sowie das automatische L\u00f6schen der Cookies beim Schlie\u00dfen des Browser aktivieren. Bei der Deaktivierung von Cookies kann die Funktionalit\u00e4t dieser Website eingeschr\u00e4nkt sein.<\/p>\n\n\n\n<p>Cookies, die zur Durchf\u00fchrung des elektronischen Kommunikationsvorgangs oder zur Bereitstellung bestimmter, von Ihnen erw\u00fcnschter Funktionen (z.B. Warenkorbfunktion) erforderlich sind, werden auf Grundlage von Art. 6 Abs. 1 lit. f DSGVO gespeichert. Der Websitebetreiber hat ein berechtigtes Interesse an der Speicherung von Cookies zur technisch fehlerfreien und optimierten Bereitstellung seiner Dienste. Soweit andere Cookies (z.B. Cookies zur Analyse Ihres Surfverhaltens) gespeichert werden, werden diese in dieser Datenschutzerkl\u00e4rung gesondert behandelt.<\/p>\n\n\n\n<p><strong>Server-Log-Dateien<\/strong><\/p>\n\n\n\n<p>Der Provider der Seiten erhebt und speichert automatisch Informationen in so genannten Server-Log-Dateien, die Ihr Browser automatisch an uns \u00fcbermittelt. Dies sind:<\/p>\n\n\n\n<ul class=\"wp-block-list\">\n<li>Browsertyp und Browserversion<\/li>\n\n\n\n<li>verwendetes Betriebssystem<\/li>\n\n\n\n<li>Referrer URL<\/li>\n\n\n\n<li>Hostname des zugreifenden Rechners<\/li>\n\n\n\n<li>Uhrzeit der Serveranfrage<\/li>\n\n\n\n<li>IP-Adresse<\/li>\n<\/ul>\n\n\n\n<p>Eine Zusammenf\u00fchrung dieser Daten mit anderen Datenquellen wird nicht vorgenommen.<\/p>\n\n\n\n<p>Grundlage f\u00fcr die Datenverarbeitung ist Art. 6 Abs. 1 lit. b DSGVO, der die Verarbeitung von Daten zur Erf\u00fcllung eines Vertrags oder vorvertraglicher Ma\u00dfnahmen gestattet.<\/p>\n\n\n\n<p><strong>Kontaktformular<\/strong><\/p>\n\n\n\n<p>Wenn Sie uns per Kontaktformular Anfragen zukommen lassen, werden Ihre Angaben aus dem Anfrageformular inklusive der von Ihnen dort angegebenen Kontaktdaten zwecks Bearbeitung der Anfrage und f\u00fcr den Fall von Anschlussfragen bei uns gespeichert. Diese Daten geben wir nicht ohne Ihre Einwilligung weiter.<\/p>\n\n\n\n<p>Die Verarbeitung der in das Kontaktformular eingegebenen Daten erfolgt somit ausschlie\u00dflich auf Grundlage Ihrer Einwilligung (Art. 6 Abs. 1 lit. a DSGVO). Sie k\u00f6nnen diese Einwilligung jederzeit widerrufen. Dazu reicht eine formlose Mitteilung per E-Mail an uns. Die Rechtm\u00e4\u00dfigkeit der bis zum Widerruf erfolgten Datenverarbeitungsvorg\u00e4nge bleibt vom Widerruf unber\u00fchrt.<\/p>\n\n\n\n<p>Die von Ihnen im Kontaktformular eingegebenen Daten verbleiben bei uns, bis Sie uns zur L\u00f6schung auffordern, Ihre Einwilligung zur Speicherung widerrufen oder der Zweck f\u00fcr die Datenspeicherung entf\u00e4llt (z.B. nach abgeschlossener Bearbeitung Ihrer Anfrage). Zwingende gesetzliche Bestimmungen \u2013 insbesondere Aufbewahrungsfristen \u2013 bleiben unber\u00fchrt.<\/p>\n\n\n\n<p><strong>Speicherung der IP-Adresse<\/strong><\/p>\n\n\n\n<p>Unsere Kommentarfunktion speichert die IP-Adressen der Nutzer, die Kommentare verfassen. Da wir Kommentare auf unserer Seite nicht vor der Freischaltung pr\u00fcfen, ben\u00f6tigen wir diese Daten, um im Falle von Rechtsverletzungen wie Beleidigungen oder Propaganda gegen den Verfasser vorgehen zu k\u00f6nnen.<\/p>\n\n\n\n<p><strong>Speicherdauer der Kommentare<\/strong><\/p>\n\n\n\n<p>Die Kommentare und die damit verbundenen Daten (z.B. IP-Adresse) werden gespeichert und verbleiben auf unserer Website, bis der kommentierte Inhalt vollst\u00e4ndig gel\u00f6scht wurde oder die Kommentare aus rechtlichen Gr\u00fcnden gel\u00f6scht werden m\u00fcssen (z.B. beleidigende Kommentare).<\/p>\n\n\n\n<p><strong>Rechtsgrundlage<\/strong><\/p>\n\n\n\n<p>Die Speicherung der Kommentare erfolgt auf Grundlage Ihrer Einwilligung (Art. 6 Abs. 1 lit. a DSGVO). Sie k\u00f6nnen eine von Ihnen erteilte Einwilligung jederzeit widerrufen. Dazu reicht eine formlose Mitteilung per E-Mail an uns. Die Rechtm\u00e4\u00dfigkeit der bereits erfolgten Datenverarbeitungsvorg\u00e4nge bleibt vom Widerruf unber\u00fchrt<\/p>\n\n\n\n<p><strong>4. NEWSLETTER<\/strong> &#8211; BREVO<\/p>\n\n\n\n<p><strong>Verwalten von Kontakten und Versenden von Nachrichten<\/strong><br>Diese Art von Diensten erm\u00f6glichen die Verwaltung einer Datenbank mit E-Mail-Kontakten, Rufnummern oder jeglichen weiteren Kontaktinformationen, um mit dem Nutzer zu kommunizieren.<br>Die Dienste k\u00f6nnen auch Daten dar\u00fcber sammeln, an welchem Datum und zu welcher Uhrzeit Nachricht vom Nutzer gelesen wurde, sowie dar\u00fcber, wann der Nutzer mit eingehenden Nachrichten interagiert, beispielsweise durch Klicken auf Links, die darin enthalten sind.<\/p>\n\n\n\n<p>Brevo Email (Sendinblue GmbH)<br>Brevo ist ein von Sendinblue GmbH bereitgestellter Service f\u00fcr die Verwaltung von E-Mail-Adressen und den Versand von Nachrichten.<\/p>\n\n\n\n<p>Erhobene personenbezogene Daten: Cookie; E-Mail; Nutzungsdaten.<\/p>\n\n\n\n<p>Verarbeitungsort: Deutschland, Frankreich<br>Datenschutzerkl\u00e4rung: <a href=\"https:\/\/www.brevo.com\/de\/legal\/privacypolicy\/\">https:\/\/www.brevo.com\/de\/legal\/privacypolicy\/<\/a><\/p>\n\n\n\n<p><strong>Verwaltung von Nutzer-Datenbanken<\/strong><br>Diese Art von Diensten erlauben es dem Anbieter Nutzerprofile zu erstellen, indem sie zun\u00e4chst die E-Mail-Adresse, den Namen oder sonstige Angaben verwenden, die der Nutzer an diese Anwendung \u00fcbermittelt hat, als auch das Nachverfolgen von Nutzeraktivit\u00e4ten durch Analysefunktionalit\u00e4ten. Diese personenbezogenen Daten k\u00f6nnen auch mit \u00f6ffentlich zug\u00e4nglichen Informationen \u00fcber den Nutzer (wie Profile in sozialen Medien) abgeglichen und f\u00fcr den Aufbau eines pers\u00f6nlichen Profils verwendet werden, das der Anbieter anzeigen und nutzen kann, um diese Anwendung zu verbessern.<br>Manche dieser Dienste k\u00f6nnen auch das Versenden von zeitlich abgestimmten Nachrichten an den Nutzer vorsehen, wie z.B. E-Mails, die diese Anwendung mit bestimmten Aktionen verkn\u00fcpft.<\/p>\n\n\n\n<p>Brevo&nbsp;Marketing Automation (Sendinblue GmbH SendinBlue SAS)<br>Brevo ist ein Verwaltungsdienst f\u00fcr Nutzer-Datenbanken von Brevo DSGVO Datenschutzerkl\u00e4rung.<\/p>\n\n\n\n<p>Erhobene personenbezogene Daten: Cookie; E-Mail; Nutzungsdaten.<\/p>\n\n\n\n<p>Verarbeitungsort: Deutschland,&nbsp;Frankreich<br>Datenschutzerkl\u00e4rung:&nbsp;<a href=\"https:\/\/www.brevo.com\/de\/legal\/privacypolicy\/\">https:\/\/www.brevo.com\/de\/legal\/privacypolicy\/<\/a><\/p>\n\n\n\n<p><strong>5. PLUGINS UND TOOLS<\/strong><\/p>\n\n\n\n<p><strong>YouTube<\/strong><\/p>\n\n\n\n<p>Unsere Website nutzt Plugins der von Google betriebenen Seite YouTube. Betreiber der Seiten ist die YouTube, LLC, 901 Cherry Ave., San Bruno, CA 94066, USA.<\/p>\n\n\n\n<p>Wenn Sie eine unserer mit einem YouTube-Plugin ausgestatteten Seiten besuchen, wird eine Verbindung zu den Servern von YouTube hergestellt. Dabei wird dem YouTube-Server mitgeteilt, welche unserer Seiten Sie besucht haben.<\/p>\n\n\n\n<p>Wenn Sie in Ihrem YouTube-Account eingeloggt sind, erm\u00f6glichen Sie YouTube, Ihr Surfverhalten direkt Ihrem pers\u00f6nlichen Profil zuzuordnen. Dies k\u00f6nnen Sie verhindern, indem Sie sich aus Ihrem YouTube-Account ausloggen.<\/p>\n\n\n\n<p>Die Nutzung von YouTube erfolgt im Interesse einer ansprechenden Darstellung unserer Online-Angebote. Dies stellt ein berechtigtes Interesse im Sinne von Art. 6 Abs. 1 lit. f DSGVO dar.<\/p>\n\n\n\n<p>Weitere Informationen zum Umgang mit Nutzerdaten finden Sie in der Datenschutzerkl\u00e4rung von YouTube unter:&nbsp;<a href=\"https:\/\/www.google.de\/intl\/de\/policies\/privacy\"><em>https:\/\/www.google.de\/intl\/de\/policies\/privacy<\/em><\/a>.<\/p>\n\n\n\n<p><strong>Google Web Fonts<\/strong><\/p>\n\n\n\n<p>Diese Seite nutzt zur einheitlichen Darstellung von Schriftarten so genannte Web Fonts, die von Google bereitgestellt werden. Beim Aufruf einer Seite l\u00e4dt Ihr Browser die ben\u00f6tigten Web Fonts in ihren Browsercache, um Texte und Schriftarten korrekt anzuzeigen.<\/p>\n\n\n\n<p>Zu diesem Zweck muss der von Ihnen verwendete Browser Verbindung zu den Servern von Google aufnehmen. Hierdurch erlangt Google Kenntnis dar\u00fcber, dass \u00fcber Ihre IP-Adresse unsere Website aufgerufen wurde. Die Nutzung von Google Web Fonts erfolgt im Interesse einer einheitlichen und ansprechenden Darstellung unserer Online-Angebote. Dies stellt ein berechtigtes Interesse im Sinne von Art. 6 Abs. 1 lit. f DSGVO dar.<\/p>\n\n\n\n<p>Wenn Ihr Browser Web Fonts nicht unterst\u00fctzt, wird eine Standardschrift von Ihrem Computer genutzt.<\/p>\n\n\n\n<p>Weitere Informationen zu Google Web Fonts finden Sie unter&nbsp;<a href=\"https:\/\/developers.google.com\/fonts\/faq\"><em>https:\/\/developers.google.com\/fonts\/faq<\/em><\/a>&nbsp;und in der Datenschutzerkl\u00e4rung von Google:&nbsp;<a href=\"https:\/\/www.google.com\/policies\/privacy\/\"><em>https:\/\/www.google.com\/policies\/privacy\/<\/em><\/a>.<\/p>\n","protected":false},"excerpt":{"rendered":"<p>DATENSCHUTZ AUF EINEN BLICK Allgemeine Hinweise Die folgenden Hinweise geben einen einfachen \u00dcberblick dar\u00fcber, was mit Ihren personenbezogenen Daten passiert, wenn Sie unsere Website besuchen. Personenbezogene Daten sind alle Daten, mit denen Sie pers\u00f6nlich identifiziert werden k\u00f6nnen. Ausf\u00fchrliche Informationen zum Thema Datenschutz entnehmen Sie unserer unter diesem Text aufgef\u00fchrten Datenschutzerkl\u00e4rung. Datenerfassung auf unserer Website Wer &#8230; <a title=\"Datenschutzerkl\u00e4rung\" class=\"read-more\" href=\"https:\/\/echt-koeln.de\/en\/datenschutz\/\" aria-label=\"Read more about Datenschutzerkl\u00e4rung\">Read more<\/a><\/p>\n","protected":false},"author":1,"featured_media":0,"parent":0,"menu_order":66,"comment_status":"closed","ping_status":"open","template":"","meta":{"footnotes":""},"class_list":["post-25093","page","type-page","status-publish"],"yoast_head":"<!-- This site is optimized with the Yoast SEO plugin v27.5 - https:\/\/yoast.com\/product\/yoast-seo-wordpress\/ -->\n<title>Datenschutzerkl\u00e4rung - echt K\u00f6ln Stadtf\u00fchrungen<\/title>\n<meta name=\"robots\" content=\"index, follow, max-snippet:-1, max-image-preview:large, max-video-preview:-1\" \/>\n<link rel=\"canonical\" href=\"https:\/\/echt-koeln.de\/en\/datenschutz\/\" \/>\n<meta property=\"og:locale\" content=\"en_US\" \/>\n<meta property=\"og:type\" content=\"article\" \/>\n<meta property=\"og:title\" content=\"Datenschutzerkl\u00e4rung - echt K\u00f6ln Stadtf\u00fchrungen\" \/>\n<meta property=\"og:description\" content=\"DATENSCHUTZ AUF EINEN BLICK Allgemeine Hinweise Die folgenden Hinweise geben einen einfachen \u00dcberblick dar\u00fcber, was mit Ihren personenbezogenen Daten passiert, wenn Sie unsere Website besuchen. Personenbezogene Daten sind alle Daten, mit denen Sie pers\u00f6nlich identifiziert werden k\u00f6nnen. Ausf\u00fchrliche Informationen zum Thema Datenschutz entnehmen Sie unserer unter diesem Text aufgef\u00fchrten Datenschutzerkl\u00e4rung. Datenerfassung auf unserer Website Wer ... Read more\" \/>\n<meta property=\"og:url\" content=\"https:\/\/echt-koeln.de\/en\/datenschutz\/\" \/>\n<meta property=\"og:site_name\" content=\"echt K\u00f6ln Stadtf\u00fchrungen\" \/>\n<meta name=\"twitter:card\" content=\"summary_large_image\" \/>\n<meta name=\"twitter:label1\" content=\"Est. reading time\" \/>\n\t<meta name=\"twitter:data1\" content=\"9 minutes\" \/>\n<script type=\"application\/ld+json\" class=\"yoast-schema-graph\">{\"@context\":\"https:\\\/\\\/schema.org\",\"@graph\":[{\"@type\":\"WebPage\",\"@id\":\"https:\\\/\\\/echt-koeln.de\\\/en\\\/datenschutz\\\/\",\"url\":\"https:\\\/\\\/echt-koeln.de\\\/en\\\/datenschutz\\\/\",\"name\":\"Datenschutzerkl\u00e4rung - echt K\u00f6ln Stadtf\u00fchrungen\",\"isPartOf\":{\"@id\":\"https:\\\/\\\/echt-koeln.de\\\/en\\\/#website\"},\"datePublished\":\"2020-09-17T09:41:04+00:00\",\"breadcrumb\":{\"@id\":\"https:\\\/\\\/echt-koeln.de\\\/en\\\/datenschutz\\\/#breadcrumb\"},\"inLanguage\":\"en-US\",\"potentialAction\":[{\"@type\":\"ReadAction\",\"target\":[\"https:\\\/\\\/echt-koeln.de\\\/en\\\/datenschutz\\\/\"]}]},{\"@type\":\"BreadcrumbList\",\"@id\":\"https:\\\/\\\/echt-koeln.de\\\/en\\\/datenschutz\\\/#breadcrumb\",\"itemListElement\":[{\"@type\":\"ListItem\",\"position\":1,\"name\":\"Startseite\",\"item\":\"https:\\\/\\\/echt-koeln.de\\\/en\\\/home-page\\\/\"},{\"@type\":\"ListItem\",\"position\":2,\"name\":\"Datenschutzerkl\u00e4rung\"}]},{\"@type\":\"WebSite\",\"@id\":\"https:\\\/\\\/echt-koeln.de\\\/en\\\/#website\",\"url\":\"https:\\\/\\\/echt-koeln.de\\\/en\\\/\",\"name\":\"echt K\u00f6ln\",\"description\":\"Begegnungen mit einer ganz besonderen Stadt\",\"publisher\":{\"@id\":\"https:\\\/\\\/echt-koeln.de\\\/en\\\/#\\\/schema\\\/person\\\/fafc759c78f6aa21c8fe344f16d37d07\"},\"potentialAction\":[{\"@type\":\"SearchAction\",\"target\":{\"@type\":\"EntryPoint\",\"urlTemplate\":\"https:\\\/\\\/echt-koeln.de\\\/en\\\/?s={search_term_string}\"},\"query-input\":{\"@type\":\"PropertyValueSpecification\",\"valueRequired\":true,\"valueName\":\"search_term_string\"}}],\"inLanguage\":\"en-US\"},{\"@type\":[\"Person\",\"Organization\"],\"@id\":\"https:\\\/\\\/echt-koeln.de\\\/en\\\/#\\\/schema\\\/person\\\/fafc759c78f6aa21c8fe344f16d37d07\",\"name\":\"Markus Zens\",\"image\":{\"@type\":\"ImageObject\",\"inLanguage\":\"en-US\",\"@id\":\"https:\\\/\\\/echt-koeln.de\\\/wp-content\\\/uploads\\\/2020\\\/09\\\/cropped-echt_koeln_logo_klein.jpg\",\"url\":\"https:\\\/\\\/echt-koeln.de\\\/wp-content\\\/uploads\\\/2020\\\/09\\\/cropped-echt_koeln_logo_klein.jpg\",\"contentUrl\":\"https:\\\/\\\/echt-koeln.de\\\/wp-content\\\/uploads\\\/2020\\\/09\\\/cropped-echt_koeln_logo_klein.jpg\",\"width\":2000,\"height\":400,\"caption\":\"Markus Zens\"},\"logo\":{\"@id\":\"https:\\\/\\\/echt-koeln.de\\\/wp-content\\\/uploads\\\/2020\\\/09\\\/cropped-echt_koeln_logo_klein.jpg\"}}]}<\/script>\n<!-- \/ Yoast SEO plugin. -->","yoast_head_json":{"title":"Datenschutzerkl\u00e4rung - echt K\u00f6ln Stadtf\u00fchrungen","robots":{"index":"index","follow":"follow","max-snippet":"max-snippet:-1","max-image-preview":"max-image-preview:large","max-video-preview":"max-video-preview:-1"},"canonical":"https:\/\/echt-koeln.de\/en\/datenschutz\/","og_locale":"en_US","og_type":"article","og_title":"Datenschutzerkl\u00e4rung - echt K\u00f6ln Stadtf\u00fchrungen","og_description":"DATENSCHUTZ AUF EINEN BLICK Allgemeine Hinweise Die folgenden Hinweise geben einen einfachen \u00dcberblick dar\u00fcber, was mit Ihren personenbezogenen Daten passiert, wenn Sie unsere Website besuchen. Personenbezogene Daten sind alle Daten, mit denen Sie pers\u00f6nlich identifiziert werden k\u00f6nnen. Ausf\u00fchrliche Informationen zum Thema Datenschutz entnehmen Sie unserer unter diesem Text aufgef\u00fchrten Datenschutzerkl\u00e4rung. Datenerfassung auf unserer Website Wer ... Read more","og_url":"https:\/\/echt-koeln.de\/en\/datenschutz\/","og_site_name":"echt K\u00f6ln Stadtf\u00fchrungen","twitter_card":"summary_large_image","twitter_misc":{"Est. reading time":"9 minutes"},"schema":{"@context":"https:\/\/schema.org","@graph":[{"@type":"WebPage","@id":"https:\/\/echt-koeln.de\/en\/datenschutz\/","url":"https:\/\/echt-koeln.de\/en\/datenschutz\/","name":"Datenschutzerkl\u00e4rung - echt K\u00f6ln Stadtf\u00fchrungen","isPartOf":{"@id":"https:\/\/echt-koeln.de\/en\/#website"},"datePublished":"2020-09-17T09:41:04+00:00","breadcrumb":{"@id":"https:\/\/echt-koeln.de\/en\/datenschutz\/#breadcrumb"},"inLanguage":"en-US","potentialAction":[{"@type":"ReadAction","target":["https:\/\/echt-koeln.de\/en\/datenschutz\/"]}]},{"@type":"BreadcrumbList","@id":"https:\/\/echt-koeln.de\/en\/datenschutz\/#breadcrumb","itemListElement":[{"@type":"ListItem","position":1,"name":"Startseite","item":"https:\/\/echt-koeln.de\/en\/home-page\/"},{"@type":"ListItem","position":2,"name":"Datenschutzerkl\u00e4rung"}]},{"@type":"WebSite","@id":"https:\/\/echt-koeln.de\/en\/#website","url":"https:\/\/echt-koeln.de\/en\/","name":"echt K\u00f6ln","description":"Begegnungen mit einer ganz besonderen Stadt","publisher":{"@id":"https:\/\/echt-koeln.de\/en\/#\/schema\/person\/fafc759c78f6aa21c8fe344f16d37d07"},"potentialAction":[{"@type":"SearchAction","target":{"@type":"EntryPoint","urlTemplate":"https:\/\/echt-koeln.de\/en\/?s={search_term_string}"},"query-input":{"@type":"PropertyValueSpecification","valueRequired":true,"valueName":"search_term_string"}}],"inLanguage":"en-US"},{"@type":["Person","Organization"],"@id":"https:\/\/echt-koeln.de\/en\/#\/schema\/person\/fafc759c78f6aa21c8fe344f16d37d07","name":"Markus Zens","image":{"@type":"ImageObject","inLanguage":"en-US","@id":"https:\/\/echt-koeln.de\/wp-content\/uploads\/2020\/09\/cropped-echt_koeln_logo_klein.jpg","url":"https:\/\/echt-koeln.de\/wp-content\/uploads\/2020\/09\/cropped-echt_koeln_logo_klein.jpg","contentUrl":"https:\/\/echt-koeln.de\/wp-content\/uploads\/2020\/09\/cropped-echt_koeln_logo_klein.jpg","width":2000,"height":400,"caption":"Markus Zens"},"logo":{"@id":"https:\/\/echt-koeln.de\/wp-content\/uploads\/2020\/09\/cropped-echt_koeln_logo_klein.jpg"}}]}},"_links":{"self":[{"href":"https:\/\/echt-koeln.de\/en\/wp-json\/wp\/v2\/pages\/25093","targetHints":{"allow":["GET"]}}],"collection":[{"href":"https:\/\/echt-koeln.de\/en\/wp-json\/wp\/v2\/pages"}],"about":[{"href":"https:\/\/echt-koeln.de\/en\/wp-json\/wp\/v2\/types\/page"}],"author":[{"embeddable":true,"href":"https:\/\/echt-koeln.de\/en\/wp-json\/wp\/v2\/users\/1"}],"replies":[{"embeddable":true,"href":"https:\/\/echt-koeln.de\/en\/wp-json\/wp\/v2\/comments?post=25093"}],"version-history":[{"count":0,"href":"https:\/\/echt-koeln.de\/en\/wp-json\/wp\/v2\/pages\/25093\/revisions"}],"wp:attachment":[{"href":"https:\/\/echt-koeln.de\/en\/wp-json\/wp\/v2\/media?parent=25093"}],"curies":[{"name":"wp","href":"https:\/\/api.w.org\/{rel}","templated":true}]}}