{"id":24852,"date":"2020-09-28T18:00:58","date_gmt":"2020-09-28T16:00:58","guid":{"rendered":"https:\/\/echt-koeln.de\/tours\/experience-a-special-weekend-in-cologne\/"},"modified":"2025-11-17T15:21:29","modified_gmt":"2025-11-17T14:21:29","slug":"experience-a-special-weekend-in-cologne","status":"publish","type":"page","link":"https:\/\/echt-koeln.de\/en\/tours\/experience-a-special-weekend-in-cologne\/","title":{"rendered":"Experience a special weekend in Cologne"},"content":{"rendered":"<div class=\"gb-container gb-container-d3a512fa\"><div class=\"gb-inside-container\">\n\n<p>Are you coming to Cologne for a weekend and want to discover the city, see the most important sights, but also absorb the atmosphere and the attitude to life? And maybe take the most beautiful photos right away? We have designed these tours for you.    <\/p>\n\n\n<div  class=\"ultp-post-grid-block wp-block-ultimate-post-post-grid-1 ultp-block-c29671\"><div class=\"ultp-block-wrapper\"><div class=\"ultp-loading\"><div class=\"ultp-loading-blocks\" style=\"width:100%;height:100%;\"><div style=\"left: 0;top: 0;animation-delay:0s;\"><\/div><div style=\"left: 21px;top: 0;animation-delay:0.125s;\"><\/div><div style=\"left: 42px;top: 0;animation-delay:0.25s;\"><\/div><div style=\"left: 0;top: 21px;animation-delay:0.875s;\"><\/div><div style=\"left: 42px;top: 21px;animation-delay:0.375s;\"><\/div><div style=\"left: 0;top: 42px;animation-delay:0.75s;\"><\/div><div style=\"left: 42px;top: 42px;animation-delay:0.625s;\"><\/div><div style=\"left: 21px;top: 42px;animation-delay:0.5s;\"><\/div><\/div><\/div><div class=\"ultp-block-items-wrap ultp-block-row ultp-pg1a-style1 ultp-grid1-responsive ultp-block-column-3 1 1 ultp-layout1\"><div class=\"ultp-block-item post-id-23267\"><div class=\"ultp-block-content-wrap\"><div class=\"ultp-block-image ultp-block-image-zoomIn\"><a href=\"https:\/\/echt-koeln.de\/en\/touren\/the-best-of-cologne\/\" ><img decoding=\"async\"  class=\"ultp-block-image-content\"  alt=\"The best of Cologne\"  src=\"https:\/\/echt-koeln.de\/wp-content\/uploads\/2021\/05\/img-4819-3-800x600.jpg\" \/><\/a><\/div><div class=\"ultp-block-content\"><h3 class=\"ultp-block-title \"><a href=\"https:\/\/echt-koeln.de\/en\/touren\/the-best-of-cologne\/\" >The best of Cologne<\/a><\/h3><div class=\"ultp-block-excerpt\"><p>Guided tour through Cologne to the city&#8217;s highlights Cologne is&hellip;<\/p>\n<\/div><div class=\"ultp-block-readmore\"><a aria-label=\"The best of Cologne\" href=\"https:\/\/echt-koeln.de\/en\/touren\/the-best-of-cologne\/\" >mehr erfahren<\/a><\/div><\/div><\/div><\/div><div class=\"ultp-block-item post-id-24147\"><div class=\"ultp-block-content-wrap\"><div class=\"ultp-block-image ultp-block-image-zoomIn\"><a href=\"https:\/\/echt-koeln.de\/en\/touren\/altstadtfuehrung-mit-brauhausbesuch\/\" ><img decoding=\"async\"  class=\"ultp-block-image-content\"  alt=\"Guided tour of the old town in Cologne with a visit to the brewery\"  src=\"https:\/\/echt-koeln.de\/wp-content\/uploads\/2022\/01\/img-5217-800x600.jpg\" \/><\/a><\/div><div class=\"ultp-block-content\"><h3 class=\"ultp-block-title \"><a href=\"https:\/\/echt-koeln.de\/en\/touren\/altstadtfuehrung-mit-brauhausbesuch\/\" >Guided tour of the old town in Cologne with a visit to the brewery<\/a><\/h3><div class=\"ultp-block-excerpt\"><p>Old Town Tour of Cologne: History, Breweries and Cologne Traditions&hellip;<\/p>\n<\/div><div class=\"ultp-block-readmore\"><a aria-label=\"Guided tour of the old town in Cologne with a visit to the brewery\" href=\"https:\/\/echt-koeln.de\/en\/touren\/altstadtfuehrung-mit-brauhausbesuch\/\" >mehr erfahren<\/a><\/div><\/div><\/div><\/div><div class=\"ultp-block-item post-id-23876\"><div class=\"ultp-block-content-wrap\"><div class=\"ultp-block-image ultp-block-image-zoomIn\"><a href=\"https:\/\/echt-koeln.de\/en\/touren\/ehrenfeld-street-art-tour\/\" ><img decoding=\"async\"  class=\"ultp-block-image-content\"  alt=\"Street Art Guided Tour Ehrenfeld\"  src=\"https:\/\/echt-koeln.de\/wp-content\/uploads\/2022\/05\/img-5937-800x600.jpg\" \/><\/a><\/div><div class=\"ultp-block-content\"><h3 class=\"ultp-block-title \"><a href=\"https:\/\/echt-koeln.de\/en\/touren\/ehrenfeld-street-art-tour\/\" >Street Art Guided Tour Ehrenfeld<\/a><\/h3><div class=\"ultp-block-excerpt\"><p>Ehrenfeld: From village to street art paradise 200 years ago,&hellip;<\/p>\n<\/div><div class=\"ultp-block-readmore\"><a aria-label=\"Street Art Guided Tour Ehrenfeld\" href=\"https:\/\/echt-koeln.de\/en\/touren\/ehrenfeld-street-art-tour\/\" >mehr erfahren<\/a><\/div><\/div><\/div><\/div><div class=\"ultp-block-item post-id-24155\"><div class=\"ultp-block-content-wrap\"><div class=\"ultp-block-image ultp-block-image-zoomIn\"><a href=\"https:\/\/echt-koeln.de\/en\/touren\/durch-die-altstadt-und-ihre-brauhaeuser\/\" ><img decoding=\"async\"  class=\"ultp-block-image-content\"  alt=\"Die Altstadt und ihre Brauh\u00e4user\"  src=\"https:\/\/echt-koeln.de\/wp-content\/uploads\/2020\/09\/img_4788-2-800x600.jpg\" \/><\/a><\/div><div class=\"ultp-block-content\"><h3 class=\"ultp-block-title \"><a href=\"https:\/\/echt-koeln.de\/en\/touren\/durch-die-altstadt-und-ihre-brauhaeuser\/\" >Die Altstadt und ihre Brauh\u00e4user<\/a><\/h3><div class=\"ultp-block-excerpt\"><p>K\u00f6lsche Brauhaus-Tour Die K\u00f6lner Brauh\u00e4user sind eine Welt f\u00fcr sich.&hellip;<\/p>\n<\/div><div class=\"ultp-block-readmore\"><a aria-label=\"Die Altstadt und ihre Brauh\u00e4user\" href=\"https:\/\/echt-koeln.de\/en\/touren\/durch-die-altstadt-und-ihre-brauhaeuser\/\" >mehr erfahren<\/a><\/div><\/div><\/div><\/div><div class=\"ultp-block-item post-id-25054\"><div class=\"ultp-block-content-wrap\"><div class=\"ultp-block-image ultp-block-image-zoomIn\"><a href=\"https:\/\/echt-koeln.de\/en\/touren\/the-best-of-cologne-2\/\" ><img decoding=\"async\"  class=\"ultp-block-image-content\"  alt=\"The Best of Cologne\"  src=\"https:\/\/echt-koeln.de\/wp-content\/uploads\/2020\/09\/rheinpanorama-800x600.jpg\" \/><\/a><\/div><div class=\"ultp-block-content\"><h3 class=\"ultp-block-title \"><a href=\"https:\/\/echt-koeln.de\/en\/touren\/the-best-of-cologne-2\/\" >The Best of Cologne<\/a><\/h3><div class=\"ultp-block-excerpt\"><p>Cologne is not only the cathedral, Cologne is also the&hellip;<\/p>\n<\/div><div class=\"ultp-block-readmore\"><a aria-label=\"The Best of Cologne\" href=\"https:\/\/echt-koeln.de\/en\/touren\/the-best-of-cologne-2\/\" >mehr erfahren<\/a><\/div><\/div><\/div><\/div><\/div><\/div><div class=\"pagination-block-html\" aria-hidden=\"true\" style=\"display: none;\"><\/div><\/div>\n\n\n<p><\/p>\n\n<\/div><\/div>\n<p><\/p>\n","protected":false},"excerpt":{"rendered":"<p>For the city trip of a very special kind<\/p>\n","protected":false},"author":1,"featured_media":21539,"parent":23259,"menu_order":111,"comment_status":"closed","ping_status":"closed","template":"","meta":{"footnotes":""},"class_list":["post-24852","page","type-page","status-publish","has-post-thumbnail"],"yoast_head":"<!-- This site is optimized with the Yoast SEO plugin v27.5 - https:\/\/yoast.com\/product\/yoast-seo-wordpress\/ -->\n<title>Experience a special weekend in Cologne - echt K\u00f6ln Stadtf\u00fchrungen<\/title>\n<meta name=\"robots\" content=\"index, follow, max-snippet:-1, max-image-preview:large, max-video-preview:-1\" \/>\n<link rel=\"canonical\" href=\"https:\/\/echt-koeln.de\/en\/tours\/experience-a-special-weekend-in-cologne\/\" \/>\n<meta property=\"og:locale\" content=\"en_US\" \/>\n<meta property=\"og:type\" content=\"article\" \/>\n<meta property=\"og:title\" content=\"Experience a special weekend in Cologne - echt K\u00f6ln Stadtf\u00fchrungen\" \/>\n<meta property=\"og:description\" content=\"For the city trip of a very special kind\" \/>\n<meta property=\"og:url\" content=\"https:\/\/echt-koeln.de\/en\/tours\/experience-a-special-weekend-in-cologne\/\" \/>\n<meta property=\"og:site_name\" content=\"echt K\u00f6ln Stadtf\u00fchrungen\" \/>\n<meta property=\"article:modified_time\" content=\"2025-11-17T14:21:29+00:00\" \/>\n<meta property=\"og:image\" content=\"https:\/\/echt-koeln.de\/wp-content\/uploads\/2020\/09\/shutterstock_1241699422_saiko3p_web.jpg\" \/>\n\t<meta property=\"og:image:width\" content=\"1200\" \/>\n\t<meta property=\"og:image:height\" content=\"800\" \/>\n\t<meta property=\"og:image:type\" content=\"image\/jpeg\" \/>\n<meta name=\"twitter:card\" content=\"summary_large_image\" \/>\n<script type=\"application\/ld+json\" class=\"yoast-schema-graph\">{\"@context\":\"https:\\\/\\\/schema.org\",\"@graph\":[{\"@type\":\"WebPage\",\"@id\":\"https:\\\/\\\/echt-koeln.de\\\/en\\\/tours\\\/experience-a-special-weekend-in-cologne\\\/\",\"url\":\"https:\\\/\\\/echt-koeln.de\\\/en\\\/tours\\\/experience-a-special-weekend-in-cologne\\\/\",\"name\":\"Experience a special weekend in Cologne - echt K\u00f6ln Stadtf\u00fchrungen\",\"isPartOf\":{\"@id\":\"https:\\\/\\\/echt-koeln.de\\\/en\\\/#website\"},\"primaryImageOfPage\":{\"@id\":\"https:\\\/\\\/echt-koeln.de\\\/en\\\/tours\\\/experience-a-special-weekend-in-cologne\\\/#primaryimage\"},\"image\":{\"@id\":\"https:\\\/\\\/echt-koeln.de\\\/en\\\/tours\\\/experience-a-special-weekend-in-cologne\\\/#primaryimage\"},\"thumbnailUrl\":\"https:\\\/\\\/echt-koeln.de\\\/wp-content\\\/uploads\\\/2020\\\/09\\\/shutterstock_1241699422_saiko3p_web.jpg\",\"datePublished\":\"2020-09-28T16:00:58+00:00\",\"dateModified\":\"2025-11-17T14:21:29+00:00\",\"breadcrumb\":{\"@id\":\"https:\\\/\\\/echt-koeln.de\\\/en\\\/tours\\\/experience-a-special-weekend-in-cologne\\\/#breadcrumb\"},\"inLanguage\":\"en-US\",\"potentialAction\":[{\"@type\":\"ReadAction\",\"target\":[\"https:\\\/\\\/echt-koeln.de\\\/en\\\/tours\\\/experience-a-special-weekend-in-cologne\\\/\"]}]},{\"@type\":\"ImageObject\",\"inLanguage\":\"en-US\",\"@id\":\"https:\\\/\\\/echt-koeln.de\\\/en\\\/tours\\\/experience-a-special-weekend-in-cologne\\\/#primaryimage\",\"url\":\"https:\\\/\\\/echt-koeln.de\\\/wp-content\\\/uploads\\\/2020\\\/09\\\/shutterstock_1241699422_saiko3p_web.jpg\",\"contentUrl\":\"https:\\\/\\\/echt-koeln.de\\\/wp-content\\\/uploads\\\/2020\\\/09\\\/shutterstock_1241699422_saiko3p_web.jpg\",\"width\":1200,\"height\":800},{\"@type\":\"BreadcrumbList\",\"@id\":\"https:\\\/\\\/echt-koeln.de\\\/en\\\/tours\\\/experience-a-special-weekend-in-cologne\\\/#breadcrumb\",\"itemListElement\":[{\"@type\":\"ListItem\",\"position\":1,\"name\":\"Startseite\",\"item\":\"https:\\\/\\\/echt-koeln.de\\\/en\\\/home-page\\\/\"},{\"@type\":\"ListItem\",\"position\":2,\"name\":\"Tours\",\"item\":\"https:\\\/\\\/echt-koeln.de\\\/en\\\/tours\\\/\"},{\"@type\":\"ListItem\",\"position\":3,\"name\":\"Experience a special weekend in Cologne\"}]},{\"@type\":\"WebSite\",\"@id\":\"https:\\\/\\\/echt-koeln.de\\\/en\\\/#website\",\"url\":\"https:\\\/\\\/echt-koeln.de\\\/en\\\/\",\"name\":\"echt K\u00f6ln\",\"description\":\"Begegnungen mit einer ganz besonderen Stadt\",\"publisher\":{\"@id\":\"https:\\\/\\\/echt-koeln.de\\\/en\\\/#\\\/schema\\\/person\\\/fafc759c78f6aa21c8fe344f16d37d07\"},\"potentialAction\":[{\"@type\":\"SearchAction\",\"target\":{\"@type\":\"EntryPoint\",\"urlTemplate\":\"https:\\\/\\\/echt-koeln.de\\\/en\\\/?s={search_term_string}\"},\"query-input\":{\"@type\":\"PropertyValueSpecification\",\"valueRequired\":true,\"valueName\":\"search_term_string\"}}],\"inLanguage\":\"en-US\"},{\"@type\":[\"Person\",\"Organization\"],\"@id\":\"https:\\\/\\\/echt-koeln.de\\\/en\\\/#\\\/schema\\\/person\\\/fafc759c78f6aa21c8fe344f16d37d07\",\"name\":\"Markus Zens\",\"image\":{\"@type\":\"ImageObject\",\"inLanguage\":\"en-US\",\"@id\":\"https:\\\/\\\/echt-koeln.de\\\/wp-content\\\/uploads\\\/2020\\\/09\\\/cropped-echt_koeln_logo_klein.jpg\",\"url\":\"https:\\\/\\\/echt-koeln.de\\\/wp-content\\\/uploads\\\/2020\\\/09\\\/cropped-echt_koeln_logo_klein.jpg\",\"contentUrl\":\"https:\\\/\\\/echt-koeln.de\\\/wp-content\\\/uploads\\\/2020\\\/09\\\/cropped-echt_koeln_logo_klein.jpg\",\"width\":2000,\"height\":400,\"caption\":\"Markus Zens\"},\"logo\":{\"@id\":\"https:\\\/\\\/echt-koeln.de\\\/wp-content\\\/uploads\\\/2020\\\/09\\\/cropped-echt_koeln_logo_klein.jpg\"}}]}<\/script>\n<!-- \/ Yoast SEO plugin. -->","yoast_head_json":{"title":"Experience a special weekend in Cologne - echt K\u00f6ln Stadtf\u00fchrungen","robots":{"index":"index","follow":"follow","max-snippet":"max-snippet:-1","max-image-preview":"max-image-preview:large","max-video-preview":"max-video-preview:-1"},"canonical":"https:\/\/echt-koeln.de\/en\/tours\/experience-a-special-weekend-in-cologne\/","og_locale":"en_US","og_type":"article","og_title":"Experience a special weekend in Cologne - echt K\u00f6ln Stadtf\u00fchrungen","og_description":"For the city trip of a very special kind","og_url":"https:\/\/echt-koeln.de\/en\/tours\/experience-a-special-weekend-in-cologne\/","og_site_name":"echt K\u00f6ln Stadtf\u00fchrungen","article_modified_time":"2025-11-17T14:21:29+00:00","og_image":[{"width":1200,"height":800,"url":"https:\/\/echt-koeln.de\/wp-content\/uploads\/2020\/09\/shutterstock_1241699422_saiko3p_web.jpg","type":"image\/jpeg"}],"twitter_card":"summary_large_image","schema":{"@context":"https:\/\/schema.org","@graph":[{"@type":"WebPage","@id":"https:\/\/echt-koeln.de\/en\/tours\/experience-a-special-weekend-in-cologne\/","url":"https:\/\/echt-koeln.de\/en\/tours\/experience-a-special-weekend-in-cologne\/","name":"Experience a special weekend in Cologne - echt K\u00f6ln Stadtf\u00fchrungen","isPartOf":{"@id":"https:\/\/echt-koeln.de\/en\/#website"},"primaryImageOfPage":{"@id":"https:\/\/echt-koeln.de\/en\/tours\/experience-a-special-weekend-in-cologne\/#primaryimage"},"image":{"@id":"https:\/\/echt-koeln.de\/en\/tours\/experience-a-special-weekend-in-cologne\/#primaryimage"},"thumbnailUrl":"https:\/\/echt-koeln.de\/wp-content\/uploads\/2020\/09\/shutterstock_1241699422_saiko3p_web.jpg","datePublished":"2020-09-28T16:00:58+00:00","dateModified":"2025-11-17T14:21:29+00:00","breadcrumb":{"@id":"https:\/\/echt-koeln.de\/en\/tours\/experience-a-special-weekend-in-cologne\/#breadcrumb"},"inLanguage":"en-US","potentialAction":[{"@type":"ReadAction","target":["https:\/\/echt-koeln.de\/en\/tours\/experience-a-special-weekend-in-cologne\/"]}]},{"@type":"ImageObject","inLanguage":"en-US","@id":"https:\/\/echt-koeln.de\/en\/tours\/experience-a-special-weekend-in-cologne\/#primaryimage","url":"https:\/\/echt-koeln.de\/wp-content\/uploads\/2020\/09\/shutterstock_1241699422_saiko3p_web.jpg","contentUrl":"https:\/\/echt-koeln.de\/wp-content\/uploads\/2020\/09\/shutterstock_1241699422_saiko3p_web.jpg","width":1200,"height":800},{"@type":"BreadcrumbList","@id":"https:\/\/echt-koeln.de\/en\/tours\/experience-a-special-weekend-in-cologne\/#breadcrumb","itemListElement":[{"@type":"ListItem","position":1,"name":"Startseite","item":"https:\/\/echt-koeln.de\/en\/home-page\/"},{"@type":"ListItem","position":2,"name":"Tours","item":"https:\/\/echt-koeln.de\/en\/tours\/"},{"@type":"ListItem","position":3,"name":"Experience a special weekend in Cologne"}]},{"@type":"WebSite","@id":"https:\/\/echt-koeln.de\/en\/#website","url":"https:\/\/echt-koeln.de\/en\/","name":"echt K\u00f6ln","description":"Begegnungen mit einer ganz besonderen Stadt","publisher":{"@id":"https:\/\/echt-koeln.de\/en\/#\/schema\/person\/fafc759c78f6aa21c8fe344f16d37d07"},"potentialAction":[{"@type":"SearchAction","target":{"@type":"EntryPoint","urlTemplate":"https:\/\/echt-koeln.de\/en\/?s={search_term_string}"},"query-input":{"@type":"PropertyValueSpecification","valueRequired":true,"valueName":"search_term_string"}}],"inLanguage":"en-US"},{"@type":["Person","Organization"],"@id":"https:\/\/echt-koeln.de\/en\/#\/schema\/person\/fafc759c78f6aa21c8fe344f16d37d07","name":"Markus Zens","image":{"@type":"ImageObject","inLanguage":"en-US","@id":"https:\/\/echt-koeln.de\/wp-content\/uploads\/2020\/09\/cropped-echt_koeln_logo_klein.jpg","url":"https:\/\/echt-koeln.de\/wp-content\/uploads\/2020\/09\/cropped-echt_koeln_logo_klein.jpg","contentUrl":"https:\/\/echt-koeln.de\/wp-content\/uploads\/2020\/09\/cropped-echt_koeln_logo_klein.jpg","width":2000,"height":400,"caption":"Markus Zens"},"logo":{"@id":"https:\/\/echt-koeln.de\/wp-content\/uploads\/2020\/09\/cropped-echt_koeln_logo_klein.jpg"}}]}},"_links":{"self":[{"href":"https:\/\/echt-koeln.de\/en\/wp-json\/wp\/v2\/pages\/24852","targetHints":{"allow":["GET"]}}],"collection":[{"href":"https:\/\/echt-koeln.de\/en\/wp-json\/wp\/v2\/pages"}],"about":[{"href":"https:\/\/echt-koeln.de\/en\/wp-json\/wp\/v2\/types\/page"}],"author":[{"embeddable":true,"href":"https:\/\/echt-koeln.de\/en\/wp-json\/wp\/v2\/users\/1"}],"replies":[{"embeddable":true,"href":"https:\/\/echt-koeln.de\/en\/wp-json\/wp\/v2\/comments?post=24852"}],"version-history":[{"count":1,"href":"https:\/\/echt-koeln.de\/en\/wp-json\/wp\/v2\/pages\/24852\/revisions"}],"predecessor-version":[{"id":24854,"href":"https:\/\/echt-koeln.de\/en\/wp-json\/wp\/v2\/pages\/24852\/revisions\/24854"}],"up":[{"embeddable":true,"href":"https:\/\/echt-koeln.de\/en\/wp-json\/wp\/v2\/pages\/23259"}],"wp:featuredmedia":[{"embeddable":true,"href":"https:\/\/echt-koeln.de\/en\/wp-json\/wp\/v2\/media\/21539"}],"wp:attachment":[{"href":"https:\/\/echt-koeln.de\/en\/wp-json\/wp\/v2\/media?parent=24852"}],"curies":[{"name":"wp","href":"https:\/\/api.w.org\/{rel}","templated":true}]}}